{"id":636,"date":"2025-07-31T16:34:20","date_gmt":"2025-07-31T14:34:20","guid":{"rendered":"https:\/\/www.francoishardel.com\/?page_id=636"},"modified":"2026-02-13T14:55:20","modified_gmt":"2026-02-13T13:55:20","slug":"photographie_et_architecture","status":"publish","type":"page","link":"https:\/\/www.francoishardel.com\/en\/portfolio\/photographie_et_architecture\/","title":{"rendered":"Architectures de lumi\u00e8re"},"content":{"rendered":"<p>[et_pb_section fb_built=\u00a0\u00bb1&Prime; admin_label=\u00a0\u00bbProjects\u00a0\u00bb _builder_version=\u00a0\u00bb4.27.5&Prime; _module_preset=\u00a0\u00bbdefault\u00a0\u00bb custom_css_free_form=\u00a0\u00bb<\/p>\n<h2>Maisons Ba\u0165a \u2014 architecture moderniste<\/h2>\n<p>||<\/p>\n<h3>Contexte et formes<\/h3>\n<p>||<\/p>\n<h3>Approche photographique<\/h3>\n<p>||||<\/p>\n<h2>Patrimoine maritime \u2014 phares et lumi\u00e8re<\/h2>\n<p>||<\/p>\n<h3>Phare de Cordouan<\/h3>\n<p>||<\/p>\n<h3>Phare des Barges<\/h3>\n<p>||<\/p>\n<h3>Phare de l\u2019Aiguillon<\/h3>\n<p>||\u00a0\u00bb collapsed=\u00a0\u00bbon\u00a0\u00bb global_colors_info=\u00a0\u00bb{}\u00a0\u00bb][et_pb_row _builder_version=\u00a0\u00bb4.20.0&Prime; _module_preset=\u00a0\u00bbdefault\u00a0\u00bb global_colors_info=\u00a0\u00bb{}\u00a0\u00bb][et_pb_column type=\u00a0\u00bb4_4&Prime; _builder_version=\u00a0\u00bb4.20.0&Prime; _module_preset=\u00a0\u00bbdefault\u00a0\u00bb custom_padding_tablet=\u00a0\u00bb||30px||false|false\u00a0\u00bb custom_padding_phone=\u00a0\u00bb||30px||false|false\u00a0\u00bb custom_padding_last_edited=\u00a0\u00bbon|tablet\u00a0\u00bb global_colors_info=\u00a0\u00bb{}\u00a0\u00bb][et_pb_text _builder_version=\u00a0\u00bb4.23&Prime; _module_preset=\u00a0\u00bb3679a42f-3990-4e3b-afe7-e2b5b672df1f\u00a0\u00bb text_orientation=\u00a0\u00bbcenter\u00a0\u00bb global_colors_info=\u00a0\u00bb{}\u00a0\u00bb]<\/p>\n<h1>Photographie &amp; architecture<\/h1>\n<p>[\/et_pb_text][\/et_pb_column][\/et_pb_row][et_pb_row _builder_version=\u00a0\u00bb4.27.5&Prime; _module_preset=\u00a0\u00bbdefault\u00a0\u00bb global_colors_info=\u00a0\u00bb{}\u00a0\u00bb][et_pb_column type=\u00a0\u00bb4_4&Prime; _builder_version=\u00a0\u00bb4.20.0&Prime; _module_preset=\u00a0\u00bbdefault\u00a0\u00bb custom_padding_tablet=\u00a0\u00bb||30px||false|false\u00a0\u00bb custom_padding_phone=\u00a0\u00bb||30px||false|false\u00a0\u00bb custom_padding_last_edited=\u00a0\u00bbon|tablet\u00a0\u00bb global_colors_info=\u00a0\u00bb{}\u00a0\u00bb][et_pb_accordion _builder_version=\u00a0\u00bb4.27.5&Prime; _module_preset=\u00a0\u00bbdefault\u00a0\u00bb toggle_level=\u00a0\u00bbh2&Prime; closed_toggle_text_align=\u00a0\u00bbleft\u00a0\u00bb text_orientation=\u00a0\u00bbcenter\u00a0\u00bb width=\u00a0\u00bb99.3%\u00a0\u00bb max_width=\u00a0\u00bb100%\u00a0\u00bb global_colors_info=\u00a0\u00bb{}\u00a0\u00bb][et_pb_accordion_item title=\u00a0\u00bbMaisons Ba\u0165a \u00e0 Zl\u00edn\u00a0\u00bb open=\u00a0\u00bbon\u00a0\u00bb _builder_version=\u00a0\u00bb4.27.5&Prime; _module_preset=\u00a0\u00bbdefault\u00a0\u00bb global_colors_info=\u00a0\u00bb{}\u00a0\u00bb]<\/p>\n<p data-start=\"474\" data-end=\"694\" style=\"text-align: justify;\">Cette page pr\u00e9sente une s\u00e9rie photographique consacr\u00e9e aux <strong data-start=\"533\" data-end=\"549\">maisons Ba\u0165a<\/strong> de la ville de <span class=\"hover:entity-accent entity-underline inline cursor-pointer align-baseline\"><span class=\"whitespace-normal\">Zl\u00edn<\/span><\/span>, situ\u00e9e en <span class=\"hover:entity-accent entity-underline inline cursor-pointer align-baseline\"><span class=\"whitespace-normal\">Moravie<\/span><\/span>, en <span class=\"hover:entity-accent entity-underline inline cursor-pointer align-baseline\"><span class=\"whitespace-normal\">R\u00e9publique tch\u00e8que<\/span><\/span>.<\/p>\n<p data-start=\"696\" data-end=\"1070\" style=\"text-align: justify;\">Construites entre les <strong data-start=\"718\" data-end=\"741\">ann\u00e9es 1920 et 1930<\/strong>, ces <strong data-start=\"747\" data-end=\"794\">architectures modernistes en briques rouges<\/strong> s\u2019inscrivent dans un vaste projet industriel, urbain et social port\u00e9 par l\u2019entreprise <span class=\"hover:entity-accent entity-underline inline cursor-pointer align-baseline\"><span class=\"whitespace-normal\">Ba\u0165a<\/span><\/span>. Elles incarnent une conception <strong data-start=\"951\" data-end=\"1007\">rationnelle et fonctionnelle de l\u2019habitat individuel<\/strong>, pens\u00e9e \u00e0 l\u2019\u00e9chelle du quotidien, du travail et du territoire.\u00a0R\u00e9alis\u00e9es entre <strong data-start=\"1088\" data-end=\"1104\">2008 et 2009<\/strong>, ces photographies explorent la relation entre <strong data-start=\"1152\" data-end=\"1210\">lumi\u00e8re naturelle, climat et perception architecturale<\/strong>, dans des conditions ordinaires comme hivernales. La s\u00e9rie s\u2019attache \u00e0 observer comment ces volumes sobres, r\u00e9p\u00e9titifs et mesur\u00e9s r\u00e9agissent aux variations de lumi\u00e8re, aux saisons et aux usages.<\/p>\n<p data-start=\"1407\" data-end=\"1734\" style=\"text-align: justify;\">\u00c0 Zl\u00edn, l\u2019architecture s\u2019avance sans emphase. Des volumes cubiques, construits en brique, s\u2019inscrivent dans le paysage avec une <strong data-start=\"1537\" data-end=\"1554\">rigueur calme<\/strong>.<br data-start=\"1555\" data-end=\"1558\" \/>Ni d\u00e9coratives, ni monumentales, ces maisons issues du programme Ba\u0165a affirment une <strong data-start=\"1642\" data-end=\"1668\">modernit\u00e9 de la mesure<\/strong>, o\u00f9 l\u2019architecture devient un cadre de vie avant d\u2019\u00eatre un signe.<\/p>\n<p data-start=\"1736\" data-end=\"1983\" style=\"text-align: justify;\">Cette s\u00e9rie photographique propose ainsi une lecture sensible de l\u2019<strong data-start=\"1803\" data-end=\"1848\">architecture moderniste d\u2019Europe centrale<\/strong>, envisag\u00e9e comme une <strong data-start=\"1870\" data-end=\"1905\">exp\u00e9rience lumineuse et habit\u00e9e<\/strong>, inscrite dans un contexte historique pr\u00e9cis et toujours lisible aujourd\u2019hui.<\/p>\n<p>[\/et_pb_accordion_item][\/et_pb_accordion][\/et_pb_column][\/et_pb_row][et_pb_row _builder_version=\u00a0\u00bb4.20.0&Prime; _module_preset=\u00a0\u00bbdefault\u00a0\u00bb global_colors_info=\u00a0\u00bb{}\u00a0\u00bb][et_pb_column type=\u00a0\u00bb4_4&Prime; _builder_version=\u00a0\u00bb4.20.0&Prime; _module_preset=\u00a0\u00bbdefault\u00a0\u00bb global_colors_info=\u00a0\u00bb{}\u00a0\u00bb][dsm_masonry_gallery gallery_ids=\u00a0\u00bb1742,1741,1740&Prime; use_lightbox=\u00a0\u00bbon\u00a0\u00bb use_horizontal_order=\u00a0\u00bboff\u00a0\u00bb use_zoom_on_hover=\u00a0\u00bbon\u00a0\u00bb _builder_version=\u00a0\u00bb4.27.5&Prime; _module_preset=\u00a0\u00bbdefault\u00a0\u00bb border_radii_grid=\u00a0\u00bbon|20px|20px|20px|20px\u00a0\u00bb global_colors_info=\u00a0\u00bb{}\u00a0\u00bb][\/dsm_masonry_gallery][\/et_pb_column][\/et_pb_row][et_pb_row _builder_version=\u00a0\u00bb4.20.0&Prime; _module_preset=\u00a0\u00bbdefault\u00a0\u00bb global_colors_info=\u00a0\u00bb{}\u00a0\u00bb][et_pb_column type=\u00a0\u00bb4_4&Prime; _builder_version=\u00a0\u00bb4.20.0&Prime; _module_preset=\u00a0\u00bbdefault\u00a0\u00bb global_colors_info=\u00a0\u00bb{}\u00a0\u00bb][et_pb_accordion _builder_version=\u00a0\u00bb4.27.5&Prime; _module_preset=\u00a0\u00bbdefault\u00a0\u00bb toggle_level=\u00a0\u00bbh3&Prime; text_orientation=\u00a0\u00bbcenter\u00a0\u00bb width=\u00a0\u00bb99.3%\u00a0\u00bb max_width=\u00a0\u00bb100%\u00a0\u00bb global_colors_info=\u00a0\u00bb{}\u00a0\u00bb][et_pb_accordion_item title=\u00a0\u00bbApproche photographique\u00a0\u00bb open=\u00a0\u00bbon\u00a0\u00bb _builder_version=\u00a0\u00bb4.27.5&Prime; _module_preset=\u00a0\u00bbdefault\u00a0\u00bb global_colors_info=\u00a0\u00bb{}\u00a0\u00bb]<\/p>\n<p data-start=\"1992\" data-end=\"2314\">Les photographies ont \u00e9t\u00e9 r\u00e9alis\u00e9es en <strong data-start=\"2031\" data-end=\"2044\">2008\u20132009<\/strong>, en <strong data-start=\"2049\" data-end=\"2063\">argentique<\/strong>, au <strong data-start=\"2068\" data-end=\"2084\">format carr\u00e9<\/strong>, dans une d\u00e9marche d\u2019observation \u00e0 hauteur d\u2019homme.<br data-start=\"2136\" data-end=\"2139\" \/>Il ne s\u2019agit pas de documenter un style architectural, mais de rendre visible la mani\u00e8re dont la lumi\u00e8re structure l\u2019espace domestique et dialogue avec le paysage environnant.<\/p>\n<p data-start=\"2316\" data-end=\"2484\">La v\u00e9g\u00e9tation, les ombres port\u00e9es et les \u00e9l\u00e9ments du quotidien participent pleinement \u00e0 la lecture des volumes, inscrivant ces architectures dans une temporalit\u00e9 v\u00e9cue.\u00a0<\/p>\n<p data-start=\"296\" data-end=\"572\"><strong><em data-start=\"256\" data-end=\"294\">Photographies r\u00e9alis\u00e9es en 2007<\/em><\/strong><\/p>\n<p>[\/et_pb_accordion_item][\/et_pb_accordion][dsm_masonry_gallery gallery_ids=\u00a0\u00bb1750,1747,1792&Prime; dsm_sort_images_order=\u00a0\u00bbrand\u00a0\u00bb gutter=\u00a0\u00bb0&Prime; use_lightbox=\u00a0\u00bbon\u00a0\u00bb use_horizontal_order=\u00a0\u00bboff\u00a0\u00bb use_zoom_on_hover=\u00a0\u00bbon\u00a0\u00bb _builder_version=\u00a0\u00bb4.27.5&Prime; _module_preset=\u00a0\u00bbdefault\u00a0\u00bb custom_padding=\u00a0\u00bb|0px||2px||\u00a0\u00bb border_radii_grid=\u00a0\u00bbon|20px|20px|20px|20px\u00a0\u00bb global_colors_info=\u00a0\u00bb{}\u00a0\u00bb][\/dsm_masonry_gallery][et_pb_accordion _builder_version=\u00a0\u00bb4.27.5&Prime; _module_preset=\u00a0\u00bbdefault\u00a0\u00bb toggle_level=\u00a0\u00bbh3&Prime; text_orientation=\u00a0\u00bbcenter\u00a0\u00bb width=\u00a0\u00bb99.3%\u00a0\u00bb max_width=\u00a0\u00bb100%\u00a0\u00bb global_colors_info=\u00a0\u00bb{}\u00a0\u00bb][et_pb_accordion_item title=\u00a0\u00bbLes maisons Ba\u0165a sous la neige\u00a0\u00bb open=\u00a0\u00bbon\u00a0\u00bb _builder_version=\u00a0\u00bb4.27.5&Prime; _module_preset=\u00a0\u00bbdefault\u00a0\u00bb global_colors_info=\u00a0\u00bb{}\u00a0\u00bb]<\/p>\n<p data-start=\"2552\" data-end=\"2762\">Une seconde s\u00e9rie, r\u00e9alis\u00e9e en conditions hivernales, montre ces m\u00eames maisons sous la neige.<br data-start=\"2645\" data-end=\"2648\" \/>La blancheur du sol agit comme un plan de diffusion lumineux, simplifiant les formes et accentuant les contrastes.<\/p>\n<p data-start=\"2764\" data-end=\"2959\">La lumi\u00e8re hivernale, plus basse et plus diffuse, ralentit le regard et met en \u00e9vidence la rigueur constructive de ces architectures.<br data-start=\"2897\" data-end=\"2900\" \/>La neige ne recouvre pas l\u2019architecture : elle la clarifie.<\/p>\n<p>&nbsp;<\/p>\n<p data-start=\"296\" data-end=\"572\"><strong><em data-start=\"256\" data-end=\"294\">Photographies r\u00e9alis\u00e9es en 2009<\/em><\/strong><\/p>\n<p>[\/et_pb_accordion_item][\/et_pb_accordion][\/et_pb_column][\/et_pb_row][\/et_pb_section][et_pb_section fb_built=\u00a0\u00bb1&Prime; admin_label=\u00a0\u00bbProjects\u00a0\u00bb _builder_version=\u00a0\u00bb4.20.0&Prime; _module_preset=\u00a0\u00bbdefault\u00a0\u00bb collapsed=\u00a0\u00bbon\u00a0\u00bb global_colors_info=\u00a0\u00bb{}\u00a0\u00bb][et_pb_row _builder_version=\u00a0\u00bb4.20.0&Prime; _module_preset=\u00a0\u00bbdefault\u00a0\u00bb global_colors_info=\u00a0\u00bb{}\u00a0\u00bb][et_pb_column type=\u00a0\u00bb4_4&Prime; _builder_version=\u00a0\u00bb4.20.0&Prime; _module_preset=\u00a0\u00bbdefault\u00a0\u00bb custom_padding_tablet=\u00a0\u00bb||30px||false|false\u00a0\u00bb custom_padding_phone=\u00a0\u00bb||30px||false|false\u00a0\u00bb custom_padding_last_edited=\u00a0\u00bbon|tablet\u00a0\u00bb global_colors_info=\u00a0\u00bb{}\u00a0\u00bb][et_pb_text _builder_version=\u00a0\u00bb4.27.5&Prime; _module_preset=\u00a0\u00bba11c922b-efe6-4804-a15a-ee7b9e12cc55&Prime; text_font_size=\u00a0\u00bb21px\u00a0\u00bb custom_margin=\u00a0\u00bb||10px||false|false\u00a0\u00bb custom_padding=\u00a0\u00bb0px|||||\u00a0\u00bb global_colors_info=\u00a0\u00bb{}\u00a0\u00bb]<\/p>\n<h4 style=\"text-align: center;\">Patrimoine maritime \u2014 architectures de phares<\/h4>\n<p>[\/et_pb_text][et_pb_accordion _builder_version=\u00a0\u00bb4.27.5&Prime; _module_preset=\u00a0\u00bbdefault\u00a0\u00bb toggle_level=\u00a0\u00bbh3&Prime; text_orientation=\u00a0\u00bbcenter\u00a0\u00bb width=\u00a0\u00bb99.3%\u00a0\u00bb max_width=\u00a0\u00bb100%\u00a0\u00bb global_colors_info=\u00a0\u00bb{}\u00a0\u00bb][et_pb_accordion_item title=\u00a0\u00bbLe phare de Cordouan\u00a0\u00bb open=\u00a0\u00bbon\u00a0\u00bb _builder_version=\u00a0\u00bb4.27.5&Prime; _module_preset=\u00a0\u00bbdefault\u00a0\u00bb global_colors_info=\u00a0\u00bb{}\u00a0\u00bb]<\/p>\n<p data-start=\"248\" data-end=\"464\" style=\"text-align: justify;\">Les phares ne sont pas seulement des signaux destin\u00e9s \u00e0 la navigation.<br data-start=\"318\" data-end=\"321\" \/>Ils <strong data-start=\"325\" data-end=\"363\">structurent les paysages maritimes<\/strong>, marquent des <strong data-start=\"378\" data-end=\"401\">territoires c\u00f4tiers<\/strong> et deviennent des <strong data-start=\"420\" data-end=\"448\">rep\u00e8res visuels durables<\/strong> pour le regard.<\/p>\n<p data-start=\"466\" data-end=\"821\" style=\"text-align: justify;\">Situ\u00e9 \u00e0 l\u2019embouchure de l\u2019estuaire de la Gironde, au large des c\u00f4tes de la <span class=\"hover:entity-accent entity-underline inline cursor-pointer align-baseline\"><span class=\"whitespace-normal\">Nouvelle-Aquitaine<\/span><\/span>, le <span class=\"hover:entity-accent entity-underline inline cursor-pointer align-baseline\"><span class=\"whitespace-normal\">Phare de Cordouan<\/span><\/span> occupe une place singuli\u00e8re dans l\u2019histoire de l\u2019architecture maritime. Construit entre la fin du XVI\u1d49 et le d\u00e9but du XVII\u1d49 si\u00e8cle, il est \u00e0 la fois <strong data-start=\"770\" data-end=\"820\">monument, dispositif optique et paysage habit\u00e9<\/strong>.<\/p>\n<p data-start=\"823\" data-end=\"1146\" style=\"text-align: justify;\">Cette s\u00e9rie photographique explore la <strong data-start=\"861\" data-end=\"898\">lumi\u00e8re naturelle et artificielle<\/strong> comme <strong data-start=\"905\" data-end=\"932\">mat\u00e9riau de composition<\/strong>. Elle observe la mani\u00e8re dont la lumi\u00e8re circule dans l\u2019architecture, se r\u00e9fl\u00e9chit sur la pierre, traverse les dispositifs optiques et transforme la perception du lieu au fil des heures, des mar\u00e9es et des saisons.<\/p>\n<p data-start=\"1148\" data-end=\"1401\" style=\"text-align: justify;\">\u00c0 Cordouan, la lumi\u00e8re n\u2019est jamais d\u00e9corative. Elle est <strong data-start=\"1207\" data-end=\"1245\">fonctionnelle, mesur\u00e9e, construite<\/strong>. Elle articule l\u2019espace, r\u00e9v\u00e8le les volumes et inscrit l\u2019architecture dans un <strong data-start=\"1326\" data-end=\"1340\">temps long<\/strong>, o\u00f9 usage, technique et perception demeurent indissociables.<\/p>\n<p data-start=\"1403\" data-end=\"1607\" style=\"text-align: justify;\">La s\u00e9rie propose ainsi une lecture sensible du phare comme <strong data-start=\"1462\" data-end=\"1491\">objet architectural actif<\/strong>, o\u00f9 la photographie devient un outil d\u2019observation des relations entre <strong data-start=\"1563\" data-end=\"1606\">lumi\u00e8re, territoire et m\u00e9moire maritime<\/strong>.<\/p>\n<p>&nbsp;<\/p>\n<p data-start=\"296\" data-end=\"572\"><strong><em data-start=\"256\" data-end=\"294\">Photographies r\u00e9alis\u00e9es en 2007<\/em><\/strong><\/p>\n<p>[\/et_pb_accordion_item][\/et_pb_accordion][\/et_pb_column][\/et_pb_row][et_pb_row _builder_version=\u00a0\u00bb4.20.0&Prime; _module_preset=\u00a0\u00bbdefault\u00a0\u00bb global_colors_info=\u00a0\u00bb{}\u00a0\u00bb][et_pb_column type=\u00a0\u00bb4_4&Prime; _builder_version=\u00a0\u00bb4.20.0&Prime; _module_preset=\u00a0\u00bbdefault\u00a0\u00bb global_colors_info=\u00a0\u00bb{}\u00a0\u00bb][dsm_masonry_gallery gallery_ids=\u00a0\u00bb626,628,627,625,623,624,717&Prime; use_lightbox=\u00a0\u00bbon\u00a0\u00bb use_horizontal_order=\u00a0\u00bboff\u00a0\u00bb use_zoom_on_hover=\u00a0\u00bbon\u00a0\u00bb _builder_version=\u00a0\u00bb4.27.5&Prime; _module_preset=\u00a0\u00bbdefault\u00a0\u00bb border_radii_grid=\u00a0\u00bbon|20px|20px|20px|20px\u00a0\u00bb global_colors_info=\u00a0\u00bb{}\u00a0\u00bb][\/dsm_masonry_gallery][et_pb_code _builder_version=\u00a0\u00bb4.27.5&Prime; _module_preset=\u00a0\u00bbdefault\u00a0\u00bb global_colors_info=\u00a0\u00bb{}\u00a0\u00bb]<iframe<!-- [et_pb_line_break_holder] -->  src=\u00a0\u00bbhttps:\/\/www.openstreetmap.org\/export\/embed.html?layer=mapnik&#038;marker=45.58620%2C-1.18627&Prime;<!-- [et_pb_line_break_holder] -->  style=\u00a0\u00bbborder:0;width:100%;height:320px;display:block;\u00a0\u00bb<!-- [et_pb_line_break_holder] -->  loading=\u00a0\u00bblazy\u00a0\u00bb><!-- [et_pb_line_break_holder] --><\/iframe><!-- [et_pb_line_break_holder] --><pee style=\"margin:0.25rem 0 0;font-size:0.85em;color:#666;\"><!-- [et_pb_line_break_holder] -->  \u00a9 OpenStreetMap contributors<!-- [et_pb_line_break_holder] --><\/pee>[\/et_pb_code][\/et_pb_column][\/et_pb_row][et_pb_row column_structure=\u00a0\u00bb1_3,1_3,1_3&Prime; _builder_version=\u00a0\u00bb4.27.5&Prime; _module_preset=\u00a0\u00bbdefault\u00a0\u00bb global_colors_info=\u00a0\u00bb{}\u00a0\u00bb][et_pb_column type=\u00a0\u00bb1_3&Prime; _builder_version=\u00a0\u00bb4.27.5&Prime; _module_preset=\u00a0\u00bbdefault\u00a0\u00bb global_colors_info=\u00a0\u00bb{}\u00a0\u00bb][et_pb_button button_url=\u00a0\u00bbhttps:\/\/www.patrimoine-nouvelle-aquitaine.fr\/Default\/doc\/Dossier\/00cfe021-d402-40a6-bfd6-abaa6d85d00b\/phare-de-cordouan?_lg=fr-FR\u00a0\u00bb url_new_window=\u00a0\u00bbon\u00a0\u00bb button_text=\u00a0\u00bbInventaire du patrimoine (Nouvelle-Aquitaine)\u00a0\u00bb _builder_version=\u00a0\u00bb4.27.5&Prime; _module_preset=\u00a0\u00bbdefault\u00a0\u00bb custom_button=\u00a0\u00bbon\u00a0\u00bb button_text_color=\u00a0\u00bb#0C71C3&Prime; global_colors_info=\u00a0\u00bb{}\u00a0\u00bb][\/et_pb_button][\/et_pb_column][et_pb_column type=\u00a0\u00bb1_3&Prime; _builder_version=\u00a0\u00bb4.27.5&Prime; _module_preset=\u00a0\u00bbdefault\u00a0\u00bb global_colors_info=\u00a0\u00bb{}\u00a0\u00bb][et_pb_button button_url=\u00a0\u00bbhttps:\/\/whc.unesco.org\/fr\/list\/1625\/\u00a0\u00bb url_new_window=\u00a0\u00bbon\u00a0\u00bb button_text=\u00a0\u00bbPatrimoine mondial UNESCO\u00a0\u00bb _builder_version=\u00a0\u00bb4.27.5&Prime; _module_preset=\u00a0\u00bbdefault\u00a0\u00bb custom_button=\u00a0\u00bbon\u00a0\u00bb button_text_color=\u00a0\u00bb#0C71C3&Prime; global_colors_info=\u00a0\u00bb{}\u00a0\u00bb][\/et_pb_button][\/et_pb_column][et_pb_column type=\u00a0\u00bb1_3&Prime; _builder_version=\u00a0\u00bb4.27.5&Prime; _module_preset=\u00a0\u00bbdefault\u00a0\u00bb global_colors_info=\u00a0\u00bb{}\u00a0\u00bb][et_pb_button button_url=\u00a0\u00bbhttps:\/\/www.dirm.sud-atlantique.developpement-durable.gouv.fr\/le-phare-de-cordouan-a1163.html\u00a0\u00bb url_new_window=\u00a0\u00bbon\u00a0\u00bb button_text=\u00a0\u00bbDirection interr\u00e9gionale de la mer\u00a0\u00bb _builder_version=\u00a0\u00bb4.27.5&Prime; _module_preset=\u00a0\u00bbdefault\u00a0\u00bb custom_button=\u00a0\u00bbon\u00a0\u00bb button_text_color=\u00a0\u00bb#0C71C3&Prime; global_colors_info=\u00a0\u00bb{}\u00a0\u00bb][\/et_pb_button][\/et_pb_column][\/et_pb_row][\/et_pb_section][et_pb_section fb_built=\u00a0\u00bb1&Prime; admin_label=\u00a0\u00bbProjects\u00a0\u00bb _builder_version=\u00a0\u00bb4.20.0&Prime; _module_preset=\u00a0\u00bbdefault\u00a0\u00bb collapsed=\u00a0\u00bbon\u00a0\u00bb global_colors_info=\u00a0\u00bb{}\u00a0\u00bb][et_pb_row _builder_version=\u00a0\u00bb4.20.0&Prime; _module_preset=\u00a0\u00bbdefault\u00a0\u00bb global_colors_info=\u00a0\u00bb{}\u00a0\u00bb][et_pb_column type=\u00a0\u00bb4_4&Prime; _builder_version=\u00a0\u00bb4.20.0&Prime; _module_preset=\u00a0\u00bbdefault\u00a0\u00bb custom_padding_tablet=\u00a0\u00bb||30px||false|false\u00a0\u00bb custom_padding_phone=\u00a0\u00bb||30px||false|false\u00a0\u00bb custom_padding_last_edited=\u00a0\u00bbon|tablet\u00a0\u00bb global_colors_info=\u00a0\u00bb{}\u00a0\u00bb][et_pb_accordion _builder_version=\u00a0\u00bb4.27.5&Prime; _module_preset=\u00a0\u00bbdefault\u00a0\u00bb toggle_level=\u00a0\u00bbh3&Prime; text_orientation=\u00a0\u00bbcenter\u00a0\u00bb width=\u00a0\u00bb99.3%\u00a0\u00bb max_width=\u00a0\u00bb100%\u00a0\u00bb global_colors_info=\u00a0\u00bb{}\u00a0\u00bb][et_pb_accordion_item title=\u00a0\u00bbPHARE DES BARGES\u00a0\u00bb open=\u00a0\u00bbon\u00a0\u00bb _builder_version=\u00a0\u00bb4.27.5&Prime; _module_preset=\u00a0\u00bbdefault\u00a0\u00bb global_colors_info=\u00a0\u00bb{}\u00a0\u00bb]<\/p>\n<p>Signal lumineux et optique depuis 1884 s\u2019inscrit dans une g\u00e9ographie c\u00f4ti\u00e8re plus discr\u00e8te, mais tout aussi structurante.<br data-start=\"4111\" data-end=\"4114\" \/>Son r\u00f4le de signal lumineux participe \u00e0 l\u2019organisation visuelle du littoral.<\/p>\n<p>Sur ce littoral oc\u00e9anique la photographie s\u2019attache ici aux relations entre b\u00e2ti, lumi\u00e8re et paysage, en observant les variations lumineuses selon les conditions m\u00e9t\u00e9orologiques et les heures du jour.<\/p>\n<p>&nbsp;<\/p>\n<p data-start=\"296\" data-end=\"572\"><strong><em data-start=\"256\" data-end=\"294\">Photographies r\u00e9alis\u00e9es en 2021<\/em><\/strong><\/p>\n<p>[\/et_pb_accordion_item][\/et_pb_accordion][\/et_pb_column][\/et_pb_row][et_pb_row _builder_version=\u00a0\u00bb4.20.0&Prime; _module_preset=\u00a0\u00bbdefault\u00a0\u00bb global_colors_info=\u00a0\u00bb{}\u00a0\u00bb][et_pb_column type=\u00a0\u00bb4_4&Prime; _builder_version=\u00a0\u00bb4.20.0&Prime; _module_preset=\u00a0\u00bbdefault\u00a0\u00bb global_colors_info=\u00a0\u00bb{}\u00a0\u00bb][dsm_masonry_gallery gallery_ids=\u00a0\u00bb838,839,837,623,836,835,832,831,830,826&Prime; use_lightbox=\u00a0\u00bbon\u00a0\u00bb use_horizontal_order=\u00a0\u00bboff\u00a0\u00bb use_zoom_on_hover=\u00a0\u00bbon\u00a0\u00bb _builder_version=\u00a0\u00bb4.27.4&Prime; _module_preset=\u00a0\u00bbdefault\u00a0\u00bb border_radii_grid=\u00a0\u00bbon|20px|20px|20px|20px\u00a0\u00bb global_colors_info=\u00a0\u00bb{}\u00a0\u00bb][\/dsm_masonry_gallery][et_pb_code _builder_version=\u00a0\u00bb4.27.5&Prime; _module_preset=\u00a0\u00bbdefault\u00a0\u00bb global_colors_info=\u00a0\u00bb{}\u00a0\u00bb]<iframe<!-- [et_pb_line_break_holder] -->src=\u00a0\u00bbhttps:\/\/www.openstreetmap.org\/export\/embed.html?layer=mapnik&#038;marker=46.495096%2C-1.841986&Prime;<!-- [et_pb_line_break_holder] -->  style=\u00a0\u00bbborder:0;width:100%;height:320px;display:block;\u00a0\u00bb<!-- [et_pb_line_break_holder] -->  loading=\u00a0\u00bblazy\u00a0\u00bb<!-- [et_pb_line_break_holder] -->><\/iframe><!-- [et_pb_line_break_holder] --><pee style=\"margin:0.25rem 0 0;font-size:0.85em;color:#666;\"><!-- [et_pb_line_break_holder] -->  \u00a9 OpenStreetMap contributors<!-- [et_pb_line_break_holder] --><\/pee>[\/et_pb_code][\/et_pb_column][\/et_pb_row][\/et_pb_section][et_pb_section fb_built=\u00a0\u00bb1&Prime; admin_label=\u00a0\u00bbProjects\u00a0\u00bb _builder_version=\u00a0\u00bb4.27.5&Prime; _module_preset=\u00a0\u00bbdefault\u00a0\u00bb custom_css_free_form=\u00a0\u00bb||||<\/p>\n<h2>Patrimoine maritime \u2014 phares et lumi\u00e8re<\/h2>\n<p>||<\/p>\n<h3>Phare de Cordouan<\/h3>\n<p>||<\/p>\n<h3>Phare des Barges<\/h3>\n<p>||<\/p>\n<h3>Phare de l\u2019Aiguillon<\/h3>\n<p>||\u00a0\u00bb collapsed=\u00a0\u00bbon\u00a0\u00bb global_colors_info=\u00a0\u00bb{}\u00a0\u00bb][et_pb_row _builder_version=\u00a0\u00bb4.20.0&Prime; _module_preset=\u00a0\u00bbdefault\u00a0\u00bb global_colors_info=\u00a0\u00bb{}\u00a0\u00bb][et_pb_column type=\u00a0\u00bb4_4&Prime; _builder_version=\u00a0\u00bb4.20.0&Prime; _module_preset=\u00a0\u00bbdefault\u00a0\u00bb global_colors_info=\u00a0\u00bb{}\u00a0\u00bb][et_pb_accordion _builder_version=\u00a0\u00bb4.27.5&Prime; _module_preset=\u00a0\u00bbdefault\u00a0\u00bb toggle_level=\u00a0\u00bbh3&Prime; text_orientation=\u00a0\u00bbcenter\u00a0\u00bb width=\u00a0\u00bb99.3%\u00a0\u00bb max_width=\u00a0\u00bb100%\u00a0\u00bb global_colors_info=\u00a0\u00bb{}\u00a0\u00bb][et_pb_accordion_item title=\u00a0\u00bbPHARE D&rsquo;AIGUILLON\u00a0\u00bb open=\u00a0\u00bbon\u00a0\u00bb _builder_version=\u00a0\u00bb4.27.5&Prime; _module_preset=\u00a0\u00bbdefault\u00a0\u00bb global_colors_info=\u00a0\u00bb{}\u00a0\u00bb]<\/p>\n<p>Implant\u00e9 dans un contexte estuarien, le phare de l\u2019Aiguillon marque une fronti\u00e8re entre terre et mer.<br data-start=\"4528\" data-end=\"4531\" \/>Sa lumi\u00e8re agit comme un point fixe dans un paysage en mouvement, il s&rsquo;agit d&rsquo;une des plus ancienne lentilles de phares install\u00e9 sur les c\u00f4tes de france.<\/p>\n<p>Sur ce littoral oc\u00e9anique la photographie s\u2019attache ici aux relations entre b\u00e2ti, lumi\u00e8re et paysage, en observant les variations lumineuses selon les conditions m\u00e9t\u00e9orologiques et les heures du jour. Les images interrogent l\u2019architecture face aux flux naturels, et la mani\u00e8re dont la lumi\u00e8re inscrit le phare dans une m\u00e9moire territoriale.<\/p>\n<p>&nbsp;<\/p>\n<p data-start=\"296\" data-end=\"572\"><strong><em data-start=\"256\" data-end=\"294\">Photographies r\u00e9alis\u00e9es en 2004<\/em><\/strong><\/p>\n<p>[\/et_pb_accordion_item][\/et_pb_accordion][\/et_pb_column][\/et_pb_row][et_pb_row _builder_version=\u00a0\u00bb4.27.5&Prime; _module_preset=\u00a0\u00bbdefault\u00a0\u00bb global_colors_info=\u00a0\u00bb{}\u00a0\u00bb][et_pb_column type=\u00a0\u00bb4_4&Prime; _builder_version=\u00a0\u00bb4.27.5&Prime; _module_preset=\u00a0\u00bbdefault\u00a0\u00bb global_colors_info=\u00a0\u00bb{}\u00a0\u00bb][dsm_masonry_gallery gallery_ids=\u00a0\u00bb623,1022,1011,1010&Prime; use_lightbox=\u00a0\u00bbon\u00a0\u00bb use_horizontal_order=\u00a0\u00bboff\u00a0\u00bb use_zoom_on_hover=\u00a0\u00bbon\u00a0\u00bb _builder_version=\u00a0\u00bb4.27.5&Prime; _module_preset=\u00a0\u00bbdefault\u00a0\u00bb link_option_url_new_window=\u00a0\u00bbon\u00a0\u00bb border_radii_grid=\u00a0\u00bbon|20px|20px|20px|20px\u00a0\u00bb global_colors_info=\u00a0\u00bb{}\u00a0\u00bb][\/dsm_masonry_gallery][\/et_pb_column][\/et_pb_row][et_pb_row _builder_version=\u00a0\u00bb4.27.5&Prime; _module_preset=\u00a0\u00bbdefault\u00a0\u00bb global_colors_info=\u00a0\u00bb{}\u00a0\u00bb][et_pb_column type=\u00a0\u00bb4_4&Prime; _builder_version=\u00a0\u00bb4.27.5&Prime; _module_preset=\u00a0\u00bbdefault\u00a0\u00bb global_colors_info=\u00a0\u00bb{}\u00a0\u00bb][et_pb_code _builder_version=\u00a0\u00bb4.27.5&Prime; _module_preset=\u00a0\u00bbdefault\u00a0\u00bb global_colors_info=\u00a0\u00bb{}\u00a0\u00bb]<iframe<!-- [et_pb_line_break_holder] -->  src=\u00a0\u00bbhttps:\/\/www.openstreetmap.org\/export\/embed.html?layer=mapnik&#038;marker=47.241745%2C-2.263527&Prime;<!-- [et_pb_line_break_holder] -->  style=\u00a0\u00bbborder:0;width:100%;height:320px;display:block;\u00a0\u00bb<!-- [et_pb_line_break_holder] -->  loading=\u00a0\u00bblazy\u00a0\u00bb<!-- [et_pb_line_break_holder] -->><\/iframe><!-- [et_pb_line_break_holder] --><pee style=\"margin:0.25rem 0 0;font-size:0.85em;color:#666;\"><!-- [et_pb_line_break_holder] -->  \u00a9 OpenStreetMap contributors<!-- [et_pb_line_break_holder] --><\/pee>[\/et_pb_code][\/et_pb_column][\/et_pb_row][\/et_pb_section][et_pb_section fb_built=\u00a0\u00bb1&Prime; admin_label=\u00a0\u00bbProjects\u00a0\u00bb _builder_version=\u00a0\u00bb4.20.0&Prime; _module_preset=\u00a0\u00bbdefault\u00a0\u00bb collapsed=\u00a0\u00bbon\u00a0\u00bb global_colors_info=\u00a0\u00bb{}\u00a0\u00bb][et_pb_row _builder_version=\u00a0\u00bb4.20.0&Prime; _module_preset=\u00a0\u00bbdefault\u00a0\u00bb global_colors_info=\u00a0\u00bb{}\u00a0\u00bb][et_pb_column type=\u00a0\u00bb4_4&Prime; _builder_version=\u00a0\u00bb4.20.0&Prime; _module_preset=\u00a0\u00bbdefault\u00a0\u00bb custom_padding_tablet=\u00a0\u00bb||30px||false|false\u00a0\u00bb custom_padding_phone=\u00a0\u00bb||30px||false|false\u00a0\u00bb custom_padding_last_edited=\u00a0\u00bbon|tablet\u00a0\u00bb global_colors_info=\u00a0\u00bb{}\u00a0\u00bb][et_pb_text _builder_version=\u00a0\u00bb4.27.5&Prime; _module_preset=\u00a0\u00bba11c922b-efe6-4804-a15a-ee7b9e12cc55&Prime; custom_margin=\u00a0\u00bb||10px||false|false\u00a0\u00bb global_colors_info=\u00a0\u00bb{}\u00a0\u00bb]<\/p>\n<h4 style=\"text-align: center;\">D\u00e9marche photographique<\/h4>\n<p>[\/et_pb_text][\/et_pb_column][\/et_pb_row][et_pb_row column_structure=\u00a0\u00bb1_2,1_2&Prime; _builder_version=\u00a0\u00bb4.27.5&Prime; _module_preset=\u00a0\u00bbdefault\u00a0\u00bb global_colors_info=\u00a0\u00bb{}\u00a0\u00bb][et_pb_column type=\u00a0\u00bb1_2&Prime; _builder_version=\u00a0\u00bb4.20.0&Prime; _module_preset=\u00a0\u00bbdefault\u00a0\u00bb global_colors_info=\u00a0\u00bb{}\u00a0\u00bb][et_pb_text _builder_version=\u00a0\u00bb4.27.5&Prime; _module_preset=\u00a0\u00bb356875a9-fddf-4778-95e1-e8e6c55f3cca\u00a0\u00bb global_colors_info=\u00a0\u00bb{}\u00a0\u00bb]<\/p>\n<p style=\"text-align: justify;\">Ces travaux s\u2019inscrivent dans une r\u00e9flexion plus large sur la m\u00e9moire des lieux, la transmission et la durabilit\u00e9 des architectures.<br data-start=\"5379\" data-end=\"5382\" \/>Photographier ces espaces revient \u00e0 documenter des formes de pens\u00e9e construites, des mani\u00e8res d\u2019habiter et d\u2019orienter le monde \u00e0 travers la lumi\u00e8re.<\/p>\n<p>[\/et_pb_text][\/et_pb_column][et_pb_column type=\u00a0\u00bb1_2&Prime; _builder_version=\u00a0\u00bb4.20.0&Prime; _module_preset=\u00a0\u00bbdefault\u00a0\u00bb global_colors_info=\u00a0\u00bb{}\u00a0\u00bb][et_pb_text _builder_version=\u00a0\u00bb4.27.5&Prime; _module_preset=\u00a0\u00bb356875a9-fddf-4778-95e1-e8e6c55f3cca\u00a0\u00bb custom_padding=\u00a0\u00bb||0px|||\u00a0\u00bb global_colors_info=\u00a0\u00bb{}\u00a0\u00bb]<\/p>\n<p data-start=\"4828\" data-end=\"5082\" style=\"text-align: justify;\">Ma pratique photographique s\u2019inscrit dans une approche de recherche, attentive aux conditions de production de l\u2019image.<br data-start=\"4947\" data-end=\"4950\" \/>La lumi\u00e8re n\u2019est pas consid\u00e9r\u00e9e comme un simple moyen d\u2019\u00e9clairage, mais comme un \u00e9l\u00e9ment structurant de l\u2019architecture et du regard.<\/p>\n<p>[\/et_pb_text][\/et_pb_column][\/et_pb_row][\/et_pb_section][et_pb_section fb_built=\u00a0\u00bb1&Prime; admin_label=\u00a0\u00bbTestimonials\u00a0\u00bb _builder_version=\u00a0\u00bb4.20.0&Prime; _module_preset=\u00a0\u00bbdefault\u00a0\u00bb collapsed=\u00a0\u00bbon\u00a0\u00bb global_colors_info=\u00a0\u00bb{}\u00a0\u00bb][et_pb_row column_structure=\u00a0\u00bb1_2,1_2&Prime; _builder_version=\u00a0\u00bb4.20.0&Prime; _module_preset=\u00a0\u00bbdefault\u00a0\u00bb global_colors_info=\u00a0\u00bb{}\u00a0\u00bb][et_pb_column type=\u00a0\u00bb1_2&Prime; _builder_version=\u00a0\u00bb4.20.0&Prime; _module_preset=\u00a0\u00bbdefault\u00a0\u00bb global_colors_info=\u00a0\u00bb{}\u00a0\u00bb][et_pb_text _builder_version=\u00a0\u00bb4.20.0&Prime; _module_preset=\u00a0\u00bb356875a9-fddf-4778-95e1-e8e6c55f3cca\u00a0\u00bb global_colors_info=\u00a0\u00bb{}\u00a0\u00bb]<\/p>\n<p style=\"text-align: justify;\">Passionn\u00e9 par la mer et ses t\u00e9moins intemporels, Fran\u00e7ois\u202fHardel consacre son travail photographique \u00e0 la mise en lumi\u00e8re du <strong data-start=\"244\" data-end=\"305\">patrimoine maritime\u202f: phares, bateaux et paysages c\u00f4tiers<\/strong>. Ses images captent la beaut\u00e9 brute de ces monuments fa\u00e7onn\u00e9s par le vent, le sel et le courage des hommes, tout en sensibilisant \u00e0 leur fragilit\u00e9 et \u00e0 l\u2019urgence de leur pr\u00e9servation.<\/p>\n<p>[\/et_pb_text][\/et_pb_column][et_pb_column type=\u00a0\u00bb1_2&Prime; _builder_version=\u00a0\u00bb4.20.0&Prime; _module_preset=\u00a0\u00bbdefault\u00a0\u00bb global_colors_info=\u00a0\u00bb{}\u00a0\u00bb][et_pb_text _builder_version=\u00a0\u00bb4.20.0&Prime; _module_preset=\u00a0\u00bb356875a9-fddf-4778-95e1-e8e6c55f3cca\u00a0\u00bb custom_padding=\u00a0\u00bb||0px|||\u00a0\u00bb global_colors_info=\u00a0\u00bb{}\u00a0\u00bb]<\/p>\n<p style=\"text-align: justify;\">\u00c0 travers cette collection, d\u00e9couvrez des lieux embl\u00e9matiques comme le <strong data-start=\"602\" data-end=\"622\">phare du Cr\u00e9ac\u2019h<\/strong> ou celui des <strong data-start=\"636\" data-end=\"646\">Barges<\/strong>, mais aussi des navires et \u00e9paves qui portent la m\u00e9moire de notre histoire maritime. Son engagement est aussi un appel\u202f: pr\u00e9server ces rep\u00e8res uniques pour les g\u00e9n\u00e9rations futures et soutenir les actions citoyennes en faveur de leur sauvegarde.<\/p>\n<p>[\/et_pb_text][\/et_pb_column][\/et_pb_row][\/et_pb_section][et_pb_section fb_built=\u00a0\u00bb1&Prime; admin_label=\u00a0\u00bbFooter\u00a0\u00bb _builder_version=\u00a0\u00bb4.20.0&Prime; _module_preset=\u00a0\u00bbdefault\u00a0\u00bb background_color=\u00a0\u00bb#000000&Prime; saved_tabs=\u00a0\u00bball\u00a0\u00bb collapsed=\u00a0\u00bbon\u00a0\u00bb global_colors_info=\u00a0\u00bb{}\u00a0\u00bb][et_pb_row column_structure=\u00a0\u00bb1_2,1_2&Prime; _builder_version=\u00a0\u00bb4.23&Prime; _module_preset=\u00a0\u00bbdefault\u00a0\u00bb border_color_all=\u00a0\u00bbgcid-e6f8585f-043d-4f05-ad96-fb05b9e45208&Prime; border_width_top=\u00a0\u00bb1px\u00a0\u00bb global_colors_info=\u00a0\u00bb{%22gcid-e6f8585f-043d-4f05-ad96-fb05b9e45208%22:%91%22border_color_all%22%93}\u00a0\u00bb][et_pb_column type=\u00a0\u00bb1_2&Prime; _builder_version=\u00a0\u00bb4.20.0&Prime; _module_preset=\u00a0\u00bbdefault\u00a0\u00bb global_colors_info=\u00a0\u00bb{}\u00a0\u00bb][et_pb_text _builder_version=\u00a0\u00bb4.23&Prime; _module_preset=\u00a0\u00bb48a0154d-8801-4f39-b1b9-f775fd2b4efb\u00a0\u00bb header_5_text_color=\u00a0\u00bb#FFFFFF\u00a0\u00bb custom_margin=\u00a0\u00bb||0px||false|false\u00a0\u00bb text_orientation_tablet=\u00a0\u00bbcenter\u00a0\u00bb text_orientation_phone=\u00a0\u00bb\u00a0\u00bb text_orientation_last_edited=\u00a0\u00bbon|tablet\u00a0\u00bb global_colors_info=\u00a0\u00bb{}\u00a0\u00bb]<\/p>\n<h5 style=\"text-align: center;\">Email<\/h5>\n<p>[\/et_pb_text][et_pb_text _builder_version=\u00a0\u00bb4.23&Prime; _module_preset=\u00a0\u00bb99b53e13-fddb-4deb-84c4-a2c77824527e\u00a0\u00bb text_text_color=\u00a0\u00bb#FFFFFF\u00a0\u00bb link_text_color=\u00a0\u00bbgcid-e6f8585f-043d-4f05-ad96-fb05b9e45208&Prime; text_orientation=\u00a0\u00bbright\u00a0\u00bb text_orientation_tablet=\u00a0\u00bbcenter\u00a0\u00bb text_orientation_phone=\u00a0\u00bb\u00a0\u00bb text_orientation_last_edited=\u00a0\u00bbon|tablet\u00a0\u00bb global_colors_info=\u00a0\u00bb{%22gcid-e6f8585f-043d-4f05-ad96-fb05b9e45208%22:%91%22link_text_color%22%93}\u00a0\u00bb]<\/p>\n<p style=\"text-align: center;\">contact@francoishardel.com<\/p>\n<p>[\/et_pb_text][\/et_pb_column][et_pb_column type=\u00a0\u00bb1_2&Prime; _builder_version=\u00a0\u00bb4.20.0&Prime; _module_preset=\u00a0\u00bbdefault\u00a0\u00bb global_colors_info=\u00a0\u00bb{}\u00a0\u00bb][et_pb_text _builder_version=\u00a0\u00bb4.23&Prime; _module_preset=\u00a0\u00bb48a0154d-8801-4f39-b1b9-f775fd2b4efb\u00a0\u00bb text_text_color=\u00a0\u00bb#FFFFFF\u00a0\u00bb header_5_text_color=\u00a0\u00bb#FFFFFF\u00a0\u00bb text_orientation=\u00a0\u00bbcenter\u00a0\u00bb custom_margin=\u00a0\u00bb||0px||false|false\u00a0\u00bb global_colors_info=\u00a0\u00bb{}\u00a0\u00bb]<\/p>\n<h5>T\u00e9l\u00e9phone<\/h5>\n<p>[\/et_pb_text][et_pb_text _builder_version=\u00a0\u00bb4.23&Prime; _module_preset=\u00a0\u00bb99b53e13-fddb-4deb-84c4-a2c77824527e\u00a0\u00bb text_text_color=\u00a0\u00bb#FFFFFF\u00a0\u00bb link_text_color=\u00a0\u00bbgcid-e6f8585f-043d-4f05-ad96-fb05b9e45208&Prime; text_orientation=\u00a0\u00bbright\u00a0\u00bb text_orientation_tablet=\u00a0\u00bbcenter\u00a0\u00bb text_orientation_phone=\u00a0\u00bb\u00a0\u00bb text_orientation_last_edited=\u00a0\u00bbon|tablet\u00a0\u00bb global_colors_info=\u00a0\u00bb{%22gcid-e6f8585f-043d-4f05-ad96-fb05b9e45208%22:%91%22link_text_color%22%93}\u00a0\u00bb]<\/p>\n<p style=\"text-align: center;\">+33(6)77.81.22.84<a href=\"mailto:#\"><\/a><\/p>\n<p>[\/et_pb_text][\/et_pb_column][\/et_pb_row][\/et_pb_section]<\/p>\n","protected":false},"excerpt":{"rendered":"<p>Photographie &amp; architectureCette page pr\u00e9sente une s\u00e9rie photographique consacr\u00e9e aux maisons Ba\u0165a de la ville de Zl\u00edn, situ\u00e9e en Moravie, en R\u00e9publique tch\u00e8que. Construites entre les ann\u00e9es 1920 et 1930, ces architectures modernistes en briques rouges s\u2019inscrivent dans un vaste projet industriel, urbain et social port\u00e9 par l\u2019entreprise Ba\u0165a. Elles incarnent une conception rationnelle et fonctionnelle de l\u2019habitat individuel, pens\u00e9e \u00e0 l\u2019\u00e9chelle du quotidien, du travail et du territoire.\u00a0R\u00e9alis\u00e9es entre 2008 et 2009, ces photographies explorent la relation entre lumi\u00e8re naturelle, climat et perception architecturale, dans des conditions ordinaires comme hivernales. La s\u00e9rie s\u2019attache \u00e0 observer comment ces volumes sobres, r\u00e9p\u00e9titifs et mesur\u00e9s r\u00e9agissent aux variations de lumi\u00e8re, aux saisons et aux usages. \u00c0 Zl\u00edn, l\u2019architecture s\u2019avance sans emphase. Des volumes cubiques, construits en brique, s\u2019inscrivent dans le paysage avec une rigueur calme.Ni d\u00e9coratives, ni monumentales, ces maisons issues du programme Ba\u0165a affirment une modernit\u00e9 de la mesure, o\u00f9 l\u2019architecture devient un cadre de vie avant d\u2019\u00eatre un signe. Cette s\u00e9rie photographique propose ainsi une lecture sensible de l\u2019architecture moderniste d\u2019Europe centrale, envisag\u00e9e comme une exp\u00e9rience lumineuse et habit\u00e9e, inscrite dans un contexte historique pr\u00e9cis et toujours lisible aujourd\u2019hui.<div class=\"et_pb_module dsm_masonry_gallery dsm_masonry_gallery_0\">\n\t\t\t\t\n\t\t\t\t\n\t\t\t\t\n\t\t\t\t\n\t\t\t\t\n\t\t\t\t\n\t\t\t\t<div class=\"et_pb_module_inner\">\n\t\t\t\t\t<div class=\"dsm-gallery grid dsm_masonry_zoom_hover\" data-lightbox=\"true\" data-horizontalorder=\"false\">\n                <div class=\"grid-sizer\"><\/div><div class=\"gutter-sizer\"><\/div><div class=\"grid-item\">\n                    <a href=\"https:\/\/www.francoishardel.com\/wp-content\/uploads\/2026\/02\/maison-bata-03.jpg\"  data-title='maison-bata-zlin-architecture-argentique.jpg'  data-caption='Maison Ba\u0165a dans un quartier r\u00e9sidentiel de Zl\u00edn.\nArchitecture cubique moderniste en briques, ann\u00e9es 1920\u20131930.\nPhotographie argentique noir et blanc, format carr\u00e9, 2008\u20132009.' data-mfp-src=\"https:\/\/www.francoishardel.com\/wp-content\/uploads\/2026\/02\/maison-bata-03.jpg\">\n                        <div class=\"et_pb_image_wrap\">\n                            <img loading=\"lazy\" decoding=\"async\" src=\"https:\/\/www.francoishardel.com\/wp-content\/uploads\/2026\/02\/maison-bata-03.jpg\" title=\"maison-bata-zlin-architecture-argentique.jpg\" alt=\"Maison Bata \u00e0 Zl\u00edn \u2014 architecture moderniste en briques, photographie argentique\" class=\"dsm-skip-lazyload\" srcset=\"https:\/\/www.francoishardel.com\/wp-content\/uploads\/2026\/02\/maison-bata-03.jpg 500w, https:\/\/www.francoishardel.com\/wp-content\/uploads\/2026\/02\/maison-bata-03-480x480.jpg 480w\" sizes=\"(min-width: 0px) and (max-width: 480px) 480px, (min-width: 481px) 500px, 100vw\" width=\"500\" height=\"500\" \/>\n                            \n                        <\/div>\n                    <\/a>\n                <\/div><div class=\"grid-item\">\n                    <a href=\"https:\/\/www.francoishardel.com\/wp-content\/uploads\/2026\/02\/maison-bata-04.jpg\"  data-title='maison-bata-zlin-architecture-argentique_02.jpg'  data-caption='Habitat individuel Ba\u0165a \u00e0 Zl\u00edn, R\u00e9publique tch\u00e8que.\nArchitecture domestique moderniste en briques, ann\u00e9es 1920\u20131930.\nPhotographie argentique noir et blanc, format carr\u00e9, 2008\u20132009.' data-mfp-src=\"https:\/\/www.francoishardel.com\/wp-content\/uploads\/2026\/02\/maison-bata-04.jpg\">\n                        <div class=\"et_pb_image_wrap\">\n                            <img loading=\"lazy\" decoding=\"async\" src=\"https:\/\/www.francoishardel.com\/wp-content\/uploads\/2026\/02\/maison-bata-04.jpg\" title=\"maison-bata-zlin-architecture-argentique_02.jpg\" alt=\"Maison Bata \u00e0 Zl\u00edn \u2014 architecture moderniste en briques, photographie argentique\" class=\"dsm-skip-lazyload\" srcset=\"https:\/\/www.francoishardel.com\/wp-content\/uploads\/2026\/02\/maison-bata-04.jpg 500w, https:\/\/www.francoishardel.com\/wp-content\/uploads\/2026\/02\/maison-bata-04-480x480.jpg 480w\" sizes=\"(min-width: 0px) and (max-width: 480px) 480px, (min-width: 481px) 500px, 100vw\" width=\"500\" height=\"500\" \/>\n                            \n                        <\/div>\n                    <\/a>\n                <\/div><div class=\"grid-item\">\n                    <a href=\"https:\/\/www.francoishardel.com\/wp-content\/uploads\/2026\/02\/maison-bata-05.jpg\"  data-title='maison-bata-zlin-architecture-argentique_03.jpg'  data-caption='Maison individuelle Ba\u0165a \u00e0 Zl\u00edn, R\u00e9publique tch\u00e8que.\nArchitecture moderniste en briques rouges des ann\u00e9es 1920\u20131930.\nPhotographie argentique noir et blanc, format carr\u00e9, prise de vue 2008\u20132009.' data-mfp-src=\"https:\/\/www.francoishardel.com\/wp-content\/uploads\/2026\/02\/maison-bata-05.jpg\">\n                        <div class=\"et_pb_image_wrap\">\n                            <img loading=\"lazy\" decoding=\"async\" src=\"https:\/\/www.francoishardel.com\/wp-content\/uploads\/2026\/02\/maison-bata-05.jpg\" title=\"maison-bata-zlin-architecture-argentique_03.jpg\" alt=\"Maison Bata \u00e0 Zl\u00edn \u2014 architecture moderniste en briques, photographie argentique\" class=\"dsm-skip-lazyload\" srcset=\"https:\/\/www.francoishardel.com\/wp-content\/uploads\/2026\/02\/maison-bata-05.jpg 500w, https:\/\/www.francoishardel.com\/wp-content\/uploads\/2026\/02\/maison-bata-05-480x480.jpg 480w\" sizes=\"(min-width: 0px) and (max-width: 480px) 480px, (min-width: 481px) 500px, 100vw\" width=\"500\" height=\"500\" \/>\n                            \n                        <\/div>\n                    <\/a>\n                <\/div>\n             <\/div>\n\t\t\t\t<\/div>\n\t\t\t<\/div>Les photographies ont \u00e9t\u00e9 [&hellip;]<\/p>\n","protected":false},"author":1,"featured_media":0,"parent":42,"menu_order":0,"comment_status":"closed","ping_status":"closed","template":"","meta":{"_et_pb_use_builder":"on","_et_pb_old_content":"","_et_gb_content_width":"","footnotes":""},"class_list":["post-636","page","type-page","status-publish","hentry"],"_links":{"self":[{"href":"https:\/\/www.francoishardel.com\/en\/wp-json\/wp\/v2\/pages\/636","targetHints":{"allow":["GET"]}}],"collection":[{"href":"https:\/\/www.francoishardel.com\/en\/wp-json\/wp\/v2\/pages"}],"about":[{"href":"https:\/\/www.francoishardel.com\/en\/wp-json\/wp\/v2\/types\/page"}],"author":[{"embeddable":true,"href":"https:\/\/www.francoishardel.com\/en\/wp-json\/wp\/v2\/users\/1"}],"replies":[{"embeddable":true,"href":"https:\/\/www.francoishardel.com\/en\/wp-json\/wp\/v2\/comments?post=636"}],"version-history":[{"count":129,"href":"https:\/\/www.francoishardel.com\/en\/wp-json\/wp\/v2\/pages\/636\/revisions"}],"predecessor-version":[{"id":1939,"href":"https:\/\/www.francoishardel.com\/en\/wp-json\/wp\/v2\/pages\/636\/revisions\/1939"}],"up":[{"embeddable":true,"href":"https:\/\/www.francoishardel.com\/en\/wp-json\/wp\/v2\/pages\/42"}],"wp:attachment":[{"href":"https:\/\/www.francoishardel.com\/en\/wp-json\/wp\/v2\/media?parent=636"}],"curies":[{"name":"wp","href":"https:\/\/api.w.org\/{rel}","templated":true}]}}