{"id":208,"date":"2023-10-26T09:07:55","date_gmt":"2023-10-26T09:07:55","guid":{"rendered":"https:\/\/www.francoishardel.com\/?page_id=208"},"modified":"2025-12-19T14:22:58","modified_gmt":"2025-12-19T13:22:58","slug":"mentions-legales","status":"publish","type":"page","link":"https:\/\/www.francoishardel.com\/en\/mentions-legales\/","title":{"rendered":"Mentions L\u00e9gales"},"content":{"rendered":"<p>[et_pb_section fb_built=\u00a0\u00bb1&Prime; _builder_version=\u00a0\u00bb4.23&Prime; _module_preset=\u00a0\u00bbdefault\u00a0\u00bb global_colors_info=\u00a0\u00bb{}\u00a0\u00bb][et_pb_row _builder_version=\u00a0\u00bb4.23&Prime; _module_preset=\u00a0\u00bbdefault\u00a0\u00bb global_colors_info=\u00a0\u00bb{}\u00a0\u00bb][et_pb_column type=\u00a0\u00bb4_4&Prime; _builder_version=\u00a0\u00bb4.23&Prime; _module_preset=\u00a0\u00bbdefault\u00a0\u00bb global_colors_info=\u00a0\u00bb{}\u00a0\u00bb][et_pb_text _builder_version=\u00a0\u00bb4.23&Prime; _module_preset=\u00a0\u00bbdefault\u00a0\u00bb custom_padding=\u00a0\u00bb||3px|||\u00a0\u00bb global_colors_info=\u00a0\u00bb{}\u00a0\u00bb][\/et_pb_text][\/et_pb_column][\/et_pb_row][et_pb_row _builder_version=\u00a0\u00bb4.24.2&Prime; _module_preset=\u00a0\u00bbdefault\u00a0\u00bb global_colors_info=\u00a0\u00bb{}\u00a0\u00bb][et_pb_column type=\u00a0\u00bb4_4&Prime; _builder_version=\u00a0\u00bb4.24.2&Prime; _module_preset=\u00a0\u00bbdefault\u00a0\u00bb global_colors_info=\u00a0\u00bb{}\u00a0\u00bb][et_pb_accordion _builder_version=\u00a0\u00bb4.27.5&Prime; _module_preset=\u00a0\u00bbdefault\u00a0\u00bb hover_enabled=\u00a0\u00bb0&Prime; global_colors_info=\u00a0\u00bb{}\u00a0\u00bb sticky_enabled=\u00a0\u00bb0&Prime;][et_pb_accordion_item title=\u00a0\u00bbMentions L\u00e9gales\u00a0\u00bb open=\u00a0\u00bbon\u00a0\u00bb _builder_version=\u00a0\u00bb4.24.2&Prime; _module_preset=\u00a0\u00bbdefault\u00a0\u00bb global_colors_info=\u00a0\u00bb{}\u00a0\u00bb]<\/p>\n<p>&nbsp;<\/p>\n<p>1. Informations l\u00e9gales :<\/p>\n<p class=\"ltr-element\" data-indentation=\"1\">Nom du site web : francoishardel.com Adresse : 183 bis rue Gabriel p\u00e9ri 94270 Le Kremlin Bic\u00eatre T\u00e9l\u00e9phone : 0677812284 E-mail : contact@francoishardel.com SIRET : 501 725 980 Date d&rsquo;entr\u00e9e en activit\u00e9 :03 10 2023. Directeur de publication : Fran\u00e7ois Hardel<\/p>\n<p class=\"ltr-element\" data-indentation=\"1\">\n<p>[\/et_pb_accordion_item][\/et_pb_accordion][et_pb_accordion _builder_version=\u00a0\u00bb4.27.5&Prime; _module_preset=\u00a0\u00bbdefault\u00a0\u00bb hover_enabled=\u00a0\u00bb0&Prime; global_colors_info=\u00a0\u00bb{}\u00a0\u00bb sticky_enabled=\u00a0\u00bb0&Prime;][et_pb_accordion_item title=\u00a0\u00bbVotre titre H\u00e9bergeur :\u00a0\u00bb _builder_version=\u00a0\u00bb4.24.2&Prime; _module_preset=\u00a0\u00bbdefault\u00a0\u00bb global_colors_info=\u00a0\u00bb{}\u00a0\u00bb open=\u00a0\u00bbon\u00a0\u00bb]<\/p>\n<p>\u00a0soci\u00e9t\u00e9 O2SWITCH dont le si\u00e8ge social est 222 Boulevard Gustave Flaubert, 63000 Clermont Ferrand Num\u00e9ro de t\u00e9l\u00e9phone : 04 44 44 60 40.<\/p>\n<p>&nbsp;<\/p>\n<p>[\/et_pb_accordion_item][et_pb_accordion_item title=\u00a0\u00bbPropri\u00e9t\u00e9 intellectuelle :\u00a0\u00bb _builder_version=\u00a0\u00bb4.24.2&Prime; _module_preset=\u00a0\u00bbdefault\u00a0\u00bb global_colors_info=\u00a0\u00bb{}\u00a0\u00bb open=\u00a0\u00bboff\u00a0\u00bb]<\/p>\n<p>Tous les contenus pr\u00e9sents, notamment les photographies, les vid\u00e9os, les textes, les graphismes, les logos, et les ic\u00f4nes sont la propri\u00e9t\u00e9 exclusive de francoishardel.com \u00e0 l&rsquo;exception des marques, logos ou contenus appartenant \u00e0 d&rsquo;autres partenaires ou auteurs.<\/p>\n<p>[\/et_pb_accordion_item][et_pb_accordion_item title=\u00a0\u00bbLimitation de responsabilit\u00e9 :\u00a0\u00bb _builder_version=\u00a0\u00bb4.24.2&Prime; _module_preset=\u00a0\u00bbdefault\u00a0\u00bb global_colors_info=\u00a0\u00bb{}\u00a0\u00bb open=\u00a0\u00bboff\u00a0\u00bb]<\/p>\n<p>francoishardel.com ne peut \u00eatre tenu pour responsable des erreurs directes ou indirectes r\u00e9sultant de l&rsquo;utilisation du site, ou de l&rsquo;impossibilit\u00e9 pour un tiers de l&rsquo;utiliser, et des cons\u00e9quences r\u00e9sultant de l&rsquo;utilisation de ce dernier.<\/p>\n<p>[\/et_pb_accordion_item][et_pb_accordion_item title=\u00a0\u00bbDonn\u00e9es personnelles\u00a0\u00bb _builder_version=\u00a0\u00bb4.24.2&Prime; _module_preset=\u00a0\u00bbdefault\u00a0\u00bb global_colors_info=\u00a0\u00bb{}\u00a0\u00bb open=\u00a0\u00bboff\u00a0\u00bb]<\/p>\n<p>Dans le cadre de son fonctionnement, www.francoishardel.com peut \u00eatre amen\u00e9 \u00e0 collecter des donn\u00e9es personnelles. Ces donn\u00e9es seront trait\u00e9es conform\u00e9ment aux dispositions de la r\u00e9glementation en vigueur, en particulier le R\u00e8glement G\u00e9n\u00e9ral sur la Protection des Donn\u00e9es (RGPD). L&rsquo;utilisateur dispose d&rsquo;un droit d&rsquo;acc\u00e8s, de rectification et d&rsquo;opposition aux donn\u00e9es le concernant, qu&rsquo;il peut exercer en contactant contact@francoishardel.com<\/p>\n<p>[\/et_pb_accordion_item][et_pb_accordion_item title=\u00a0\u00bbCookies : \u00a0\u00bb _builder_version=\u00a0\u00bb4.24.2&Prime; _module_preset=\u00a0\u00bbdefault\u00a0\u00bb global_colors_info=\u00a0\u00bb{}\u00a0\u00bb open=\u00a0\u00bboff\u00a0\u00bb]<\/p>\n<p>Le site francoishardel.com peut utiliser des cookies afin d&rsquo;am\u00e9liorer l&rsquo;exp\u00e9rience utilisateur et pour collecter des statistiques sur les visites. Vous avez la possibilit\u00e9 de d\u00e9sactiver les cookies \u00e0 partir des param\u00e8tres de votre navigateur.<\/p>\n<p>[\/et_pb_accordion_item][et_pb_accordion_item title=\u00a0\u00bbLiens hypertextes\u00a0\u00bb _builder_version=\u00a0\u00bb4.24.2&Prime; _module_preset=\u00a0\u00bbdefault\u00a0\u00bb global_colors_info=\u00a0\u00bb{}\u00a0\u00bb open=\u00a0\u00bboff\u00a0\u00bb]<\/p>\n<p>Des liens hypertextes pr\u00e9sents sur le site peuvent renvoyer vers d&rsquo;autres sites. La responsabilit\u00e9 de www.francoishardel.com ne saurait \u00eatre engag\u00e9e si le contenu de ces sites contrevient \u00e0 la l\u00e9gislation en vigueur<\/p>\n<p>[\/et_pb_accordion_item][et_pb_accordion_item title=\u00a0\u00bbConditions G\u00e9n\u00e9rales de Vente\u00a0\u00bb _builder_version=\u00a0\u00bb4.24.2&Prime; _module_preset=\u00a0\u00bbdefault\u00a0\u00bb global_colors_info=\u00a0\u00bb{}\u00a0\u00bb open=\u00a0\u00bboff\u00a0\u00bb]<\/p>\n<p>Les pr\u00e9sentes Conditions G\u00e9n\u00e9rales r\u00e9gissent tous les contrats de prestation, de vente de photographies et autres services propos\u00e9s par Fran\u00e7ois Hardel, dont le domicile est situ\u00e9 au 183 bis rue Gabriel P\u00e9ri 94270 Le Kremlin Bic\u00eatre, immatricul\u00e9 sous le num\u00e9ro SIRET 501 25 980 00038. En apposant sa signature ou en validant \u00e9lectroniquement tout contrat ou devis, le Client d\u00e9clare les accepter pleinement et sans r\u00e9serve, constituant ainsi la base des conditions de vente.<\/p>\n<p>Site Web : francoishardel.com Artiste :Fran\u00e7ois Hardel T\u00e9l\u00e9phone : 0677812284, Email : contact@francoishardel.com, Num\u00e9ro d&rsquo;activit\u00e9 principale APE : 9003B (Cr\u00e9ation artistique)<\/p>\n<p>[\/et_pb_accordion_item][et_pb_accordion_item title=\u00a0\u00bbDevis et commande :\u00a0\u00bb _builder_version=\u00a0\u00bb4.24.2&Prime; _module_preset=\u00a0\u00bbdefault\u00a0\u00bb global_colors_info=\u00a0\u00bb{}\u00a0\u00bb open=\u00a0\u00bboff\u00a0\u00bb]<\/p>\n<p>Toute commande doit \u00eatre confirm\u00e9e par la signature d&rsquo;un bon de commande ou d&rsquo;un devis par le client ou son repr\u00e9sentant autoris\u00e9. Le bon de commande ou le devis doit inclure la date, les horaires, le ou les lieux de la prestation, ainsi que le prix et les acomptes vers\u00e9s. Un devis sign\u00e9 par toutes les parties vaut \u00e9galement comme bon de commande.<\/p>\n<p>[\/et_pb_accordion_item][et_pb_accordion_item title=\u00a0\u00bbMoyens de Paiement :\u00a0\u00bb _builder_version=\u00a0\u00bb4.24.2&Prime; _module_preset=\u00a0\u00bbdefault\u00a0\u00bb global_colors_info=\u00a0\u00bb{}\u00a0\u00bb open=\u00a0\u00bboff\u00a0\u00bb]<\/p>\n<p>Les tarifs des prestations en studio, des reportages, de la vente de photographies et autres services sont ceux en vigueur au moment de la commande, conform\u00e9ment au devis \u00e9tabli ou aux tarifs indiqu\u00e9s. Les prix sont en euros hors taxes (HT) et sont soumis \u00e0 une TVA de 20% ou de 10% selon le type de prestation.<\/p>\n<p>Pour toute commande de prestations photographiques ou autres, un acompte de 30% du montant total est exig\u00e9 \u00e0 la conclusion du contrat, le solde devant \u00eatre r\u00e9gl\u00e9 lors de la livraison ou de la premi\u00e8re pr\u00e9sentation des travaux conformes au cahier des charges valid\u00e9. La commande ne sera consid\u00e9r\u00e9e comme effective qu&rsquo;apr\u00e8s r\u00e9ception de l&rsquo;acompte et signature du bon de commande, sauf accord \u00e9crit pr\u00e9alable pour les administrations publiques.<\/p>\n<p>Le paiement du solde doit intervenir dans un d\u00e9lai maximum de 45 jours apr\u00e8s la remise des travaux. Les commandes de tirages photo, d&rsquo;albums, de fichiers num\u00e9riques et autres consommables doivent \u00eatre pay\u00e9es int\u00e9gralement lors de la commande.<\/p>\n<p>Les entreprises souhaitant r\u00e9f\u00e9rencer Fran\u00e7ois Hardel en tant que fournisseur doivent s&rsquo;assurer de son r\u00e9f\u00e9rencement avant le d\u00e9but des prestations.<\/p>\n<p>[\/et_pb_accordion_item][et_pb_accordion_item title=\u00a0\u00bbProcessus de Commande :\u00a0\u00bb _builder_version=\u00a0\u00bb4.24.2&Prime; _module_preset=\u00a0\u00bbdefault\u00a0\u00bb global_colors_info=\u00a0\u00bb{}\u00a0\u00bb open=\u00a0\u00bboff\u00a0\u00bb]<\/p>\n<p>Les tarifs mentionn\u00e9s dans les devis ont une validit\u00e9 de 30 jours \u00e0 partir de leur \u00e9mission. Ils sont sujets \u00e0 des modifications sans pr\u00e9avis, mais ces changements n&rsquo;affecteront pas les contrats en cours ni les offres d\u00e9j\u00e0 \u00e9mises. Les offres promotionnelles sont valables uniquement pendant la p\u00e9riode sp\u00e9cifi\u00e9e.<\/p>\n<p>Le Prestataire se r\u00e9serve le droit d&rsquo;apposer un filigrane (\u00ab watermark \u00bb) sur les photos et autres travaux transmis au Client tant que les prestations ne sont pas enti\u00e8rement r\u00e9gl\u00e9es. Ce filigrane indiquera que la version est une d\u00e9mo ou ne dispose pas de licence d\u00e9finitive.<\/p>\n<p>En cas de non-paiement int\u00e9gral par le Client, le Prestataire se r\u00e9serve le droit de retirer tout travail sans encourir de responsabilit\u00e9 ni de p\u00e9nalit\u00e9. Les factures doivent \u00eatre r\u00e9gl\u00e9es par carte bancaire, virement bancaire, virement PayPal ou en esp\u00e8ces.<\/p>\n<p>Pour les prestations photographiques dites d&rsquo;auteur, tous les tirages et impressions seront num\u00e9rot\u00e9s et sign\u00e9s par le photographe Fran\u00e7ois Hardel.<\/p>\n<p>[\/et_pb_accordion_item][et_pb_accordion_item title=\u00a0\u00bbCahier des charges :\u00a0\u00bb _builder_version=\u00a0\u00bb4.24.2&Prime; _module_preset=\u00a0\u00bbdefault\u00a0\u00bb global_colors_info=\u00a0\u00bb{}\u00a0\u00bb open=\u00a0\u00bboff\u00a0\u00bb]<\/p>\n<p>Chaque commande est accompagn\u00e9e d&rsquo;un bon de commande num\u00e9rot\u00e9, du contrat sign\u00e9 et paraph\u00e9, ainsi que du cahier des charges d\u00e9crivant les aspects techniques, fonctionnels et esth\u00e9tiques de la r\u00e9alisation, inclus en annexe du contrat ou du devis. Tout \u00e9l\u00e9ment additionnel non pr\u00e9vu dans le devis initial (ou le cahier des charges initial) fera l&rsquo;objet d&rsquo;une facturation s\u00e9par\u00e9e et pourra n\u00e9cessiter un avenant.<\/p>\n<p>Ainsi, toute modification demand\u00e9e par le Client et non incluse initialement dans le devis (telles que des vues suppl\u00e9mentaires, des changements de lieu, des modifications du sc\u00e9nario ou des options pr\u00e9vues initialement) sera sujette \u00e0 des frais suppl\u00e9mentaires.<\/p>\n<p>Transmission des images :<\/p>\n<p>Par d\u00e9faut, toutes les communications du Prestataire au Client se font par voie \u00e9lectronique. Cependant, si le Client demande l&rsquo;envoi postal de documents, fichiers, images ou CD-ROM, le Prestataire se r\u00e9serve le droit de facturer les frais d&rsquo;exp\u00e9dition de ces fournitures en sus.<\/p>\n<p>[\/et_pb_accordion_item][et_pb_accordion_item title=\u00a0\u00bbLivraison :\u00a0\u00bb _builder_version=\u00a0\u00bb4.24.2&Prime; _module_preset=\u00a0\u00bbdefault\u00a0\u00bb global_colors_info=\u00a0\u00bb{}\u00a0\u00bb open=\u00a0\u00bboff\u00a0\u00bb]<\/p>\n<p>Les photographies seront livr\u00e9es conform\u00e9ment aux modalit\u00e9s sp\u00e9cifi\u00e9es dans le contrat, telles que DVD-ROM, CD-ROM, serveur FTP, cl\u00e9s USB ou tout autre support num\u00e9rique convenu lors de la commande. Bien que le Prestataire s&rsquo;efforce de respecter des d\u00e9lais raisonnables, ceux-ci peuvent varier en fonction de la complexit\u00e9 du travail et de contraintes techniques ind\u00e9pendantes des parties. Les d\u00e9lais sont donc donn\u00e9s \u00e0 titre indicatif, et aucun d\u00e9dommagement ne sera accord\u00e9 au Client en cas de non-respect de ces d\u00e9lais. De plus, aucune commande ne pourra \u00eatre annul\u00e9e sans accord explicite du Prestataire.<\/p>\n<p>Le d\u00e9lai de r\u00e9alisation d\u00e9bute d\u00e8s la r\u00e9ception de tous les \u00e9l\u00e9ments n\u00e9cessaires \u00e0 la mise en \u0153uvre de la commande, ainsi que du versement de l&rsquo;acompte initial. G\u00e9n\u00e9ralement, ces d\u00e9lais sont pr\u00e9cis\u00e9s dans le devis, et une date de livraison est fix\u00e9e par le Prestataire lors de la confirmation de la commande.<\/p>\n<p>Le Prestataire est lib\u00e9r\u00e9 de toute obligation en mati\u00e8re de d\u00e9lai dans certaines circonstances, notamment si le Client ne fournit pas les informations requises en temps voulu ou ne respecte pas ses propres obligations, en cas de force majeure ou si l&rsquo;un des prestataires du studio ne respecte pas ses propres d\u00e9lais de livraison.<\/p>\n<p>Les commandes sur support num\u00e9rique seront exp\u00e9di\u00e9es par voie postale ou par transporteur. Le Prestataire d\u00e9cline toute responsabilit\u00e9 en cas de retard ou de perte imputable aux fabricants ou transporteurs.<\/p>\n<p>[\/et_pb_accordion_item][et_pb_accordion_item title=\u00a0\u00bbGarantie :\u00a0\u00bb open=\u00a0\u00bboff\u00a0\u00bb _builder_version=\u00a0\u00bb4.24.2&Prime; _module_preset=\u00a0\u00bbdefault\u00a0\u00bb global_colors_info=\u00a0\u00bb{}\u00a0\u00bb]<\/p>\n<p>Les prestations b\u00e9n\u00e9ficient de la garantie l\u00e9gale. En cas de d\u00e9faut couvert par cette garantie et sur pr\u00e9sentation de la facture, le Prestataire s&rsquo;engage, \u00e0 sa discr\u00e9tion, \u00e0 proc\u00e9der \u00e0 la r\u00e9paration ou au remplacement de la prestation d\u00e9fectueuse due \u00e0 des vices cach\u00e9s pr\u00e9existants \u00e0 la livraison. Pour que cette garantie puisse s&rsquo;appliquer, le Client doit accorder au Prestataire le temps et les facilit\u00e9s n\u00e9cessaires pour rem\u00e9dier au vice cach\u00e9. Le Prestataire se d\u00e9gage de toute responsabilit\u00e9 en mati\u00e8re de garantie si le Client refuse de lui accorder ces facilit\u00e9s.<\/p>\n<p>Fran\u00e7ois Hardel conserve une copie des travaux photographiques pendant une p\u00e9riode d&rsquo;un an et s&rsquo;engage \u00e0 les transmettre au Client sur simple demande.<\/p>\n<p>[\/et_pb_accordion_item][et_pb_accordion_item title=\u00a0\u00bbChangement ou modification :\u00a0\u00bb _builder_version=\u00a0\u00bb4.24.2&Prime; _module_preset=\u00a0\u00bbdefault\u00a0\u00bb global_colors_info=\u00a0\u00bb{}\u00a0\u00bb open=\u00a0\u00bboff\u00a0\u00bb]<\/p>\n<p>Toute modification de la commande ou des conditions g\u00e9n\u00e9rales de vente ainsi que des conditions particuli\u00e8res d&rsquo;acceptation et d&rsquo;ex\u00e9cution des prestations photographiques ou autres doit faire l&rsquo;objet d&rsquo;un accord \u00e9crit entre les parties. En cas de modification, la date de livraison initialement pr\u00e9vue sera automatiquement report\u00e9e.<\/p>\n<p>Si le Client ne respecte pas l&rsquo;une de ses obligations, le Prestataire est autoris\u00e9 \u00e0 r\u00e9silier le contrat sans mise en demeure pr\u00e9alable, \u00e0 reprendre les prestations livr\u00e9es, \u00e0 conserver les sommes d\u00e9j\u00e0 per\u00e7ues \u00e0 titre de dommages et int\u00e9r\u00eats, et \u00e0 facturer des indemnit\u00e9s repr\u00e9sentant un minimum de 20% du montant de la commande. En cas d&rsquo;annulation totale ou partielle de la commande par le Client, le Prestataire est \u00e9galement autoris\u00e9 \u00e0 r\u00e9silier le contrat, \u00e0 reprendre les prestations livr\u00e9es, \u00e0 conserver les sommes d\u00e9j\u00e0 per\u00e7ues \u00e0 titre de dommages et int\u00e9r\u00eats, et \u00e0 facturer des indemnit\u00e9s repr\u00e9sentant un minimum de 30% du montant de la commande.<\/p>\n<p>En cas de non-respect des conditions de r\u00e8glement, des p\u00e9nalit\u00e9s de retard de 1,5% par mois seront appliqu\u00e9es conform\u00e9ment \u00e0 la loi, avec une indemnit\u00e9 forfaitaire pour frais de recouvrement de 40 \u20ac selon le d\u00e9cret du 02\/10\/2012. Conform\u00e9ment \u00e0 la loi du 12 mai 1980, les produits demeurent la propri\u00e9t\u00e9 de Fran\u00e7ois Hardel jusqu&rsquo;au paiement complet de la facture. En cas de d\u00e9faut de r\u00e8glement \u00e0 la date pr\u00e9vue, Fran\u00e7ois Hardel se r\u00e9serve le droit de mettre le Client en demeure de payer la somme due.<\/p>\n<p>[\/et_pb_accordion_item][et_pb_accordion_item title=\u00a0\u00bbPise de vue :\u00a0\u00bb _builder_version=\u00a0\u00bb4.24.2&Prime; _module_preset=\u00a0\u00bbdefault\u00a0\u00bb global_colors_info=\u00a0\u00bb{}\u00a0\u00bb open=\u00a0\u00bboff\u00a0\u00bb]<\/p>\n<p>En cas de conditions m\u00e9t\u00e9orologiques d\u00e9favorables telles que la pluie, l&rsquo;orage, la neige ou le vent, ou en cas de force majeure, le Prestataire se r\u00e9serve le droit de suspendre temporairement ou compl\u00e8tement son travail s&rsquo;il estime que cela pourrait mettre en danger son mat\u00e9riel ou sa s\u00e9curit\u00e9, ou compromettre la qualit\u00e9 de son travail. Si de telles conditions se pr\u00e9sentent, le Prestataire fixera une nouvelle date de rendez-vous en accord avec le Client pour poursuivre la s\u00e9ance ult\u00e9rieurement. Aucune partie ne sera tenue responsable de retards \u00e9ventuels.<\/p>\n<p>Malgr\u00e9 les efforts d\u00e9ploy\u00e9s par le Prestataire lors de la r\u00e9alisation des clich\u00e9s photographiques, ce dernier ne peut en aucun cas \u00eatre tenu responsable de la pr\u00e9sence d&rsquo;\u00e9l\u00e9ments perturbateurs tels que des v\u00e9hicules, des objets de signalisation, des d\u00e9sordres structurels ou des personnes.<\/p>\n<p>[\/et_pb_accordion_item][et_pb_accordion_item title=\u00a0\u00bbDroits d&rsquo;auteur et droit d&rsquo;image :\u00a0\u00bb _builder_version=\u00a0\u00bb4.24.2&Prime; _module_preset=\u00a0\u00bbdefault\u00a0\u00bb global_colors_info=\u00a0\u00bb{}\u00a0\u00bb open=\u00a0\u00bboff\u00a0\u00bb]<\/p>\n<p>Le droit moral d&rsquo;une cr\u00e9ation, tel que d\u00e9fini par le Code fran\u00e7ais de la propri\u00e9t\u00e9 intellectuelle, est attach\u00e9 de mani\u00e8re perp\u00e9tuelle et imprescriptible \u00e0 son cr\u00e9ateur. Par cons\u00e9quent, seuls les droits patrimoniaux sp\u00e9cifiquement \u00e9nonc\u00e9s sur la facture, dans la section \u00ab\u00a0Droits c\u00e9d\u00e9s\u00a0\u00bb, seront c\u00e9d\u00e9s au client, avec d&rsquo;\u00e9ventuelles limites pr\u00e9cis\u00e9es, telles que la limite de support, de territoire ou de dur\u00e9e.<\/p>\n<p>Ces droits patrimoniaux peuvent inclure, entre autres, le droit de reproduction, le droit de repr\u00e9sentation, le droit de modification et le droit d&rsquo;exploitation. Il est important de souligner que toute repr\u00e9sentation ou reproduction, totale ou partielle, effectu\u00e9e sans le consentement de l&rsquo;auteur ou de ses ayants droit est consid\u00e9r\u00e9e comme illicite et peut \u00eatre punie en vertu des lois sur la contrefa\u00e7on.<\/p>\n<p>De m\u00eame, toute traduction, adaptation, transformation, arrangement ou reproduction par tout moyen est soumise aux m\u00eames r\u00e8gles. En outre, conform\u00e9ment \u00e0 l&rsquo;article 27 de la loi Informatique et Libert\u00e9s du 6 janvier 1978, le client dispose d&rsquo;un droit d&rsquo;acc\u00e8s et de rectification des donn\u00e9es le concernant aupr\u00e8s de Francois Hardel.<\/p>\n<p>Le client autorise le photographe, sauf indication contraire notifi\u00e9e par courrier avec accus\u00e9 de r\u00e9ception ou dans une clause de confidentialit\u00e9 ajout\u00e9e au contrat, \u00e0 utiliser, fixer et reproduire son image dans le cadre de la communication, de la publicit\u00e9 et de la participation \u00e0 des concours photos. Cette autorisation s&rsquo;\u00e9tend \u00e0 tous les supports connus ou inconnus \u00e0 ce jour, ainsi qu&rsquo;\u00e0 tous les proc\u00e9d\u00e9s de repr\u00e9sentation, sans limite g\u00e9ographique ni de dur\u00e9e.<\/p>\n<p>En contrepartie de cette autorisation, le client renonce \u00e0 toute r\u00e9mun\u00e9ration pour l&rsquo;exploitation des droits concern\u00e9s. Par ailleurs, le b\u00e9n\u00e9ficiaire s&rsquo;engage \u00e0 ne pas exploiter les photographies de mani\u00e8re pr\u00e9judiciable \u00e0 sa r\u00e9putation, ni \u00e0 les utiliser dans des contextes pornographiques, racistes, x\u00e9nophobes ou tout autre contenu nuisible.<\/p>\n<p>[\/et_pb_accordion_item][et_pb_accordion_item title=\u00a0\u00bbDroits de reproductions et propri\u00e9t\u00e9 des \u0153uvres de l\u2019esprit:\u00a0\u00bb _builder_version=\u00a0\u00bb4.24.2&Prime; _module_preset=\u00a0\u00bbdefault\u00a0\u00bb global_colors_info=\u00a0\u00bb{}\u00a0\u00bb open=\u00a0\u00bboff\u00a0\u00bb]<\/p>\n<p>La propri\u00e9t\u00e9 exclusive des projets et des maquettes photographiques r\u00e9alis\u00e9s par Francois Hardel est r\u00e9serv\u00e9e \u00e0 ce dernier. Aucune reproduction de ces \u00e9l\u00e9ments n&rsquo;est autoris\u00e9e sans son consentement pr\u00e9alable, sous quelque forme que ce soit.<\/p>\n<p>La totalit\u00e9 de la production et des droits associ\u00e9s demeure la propri\u00e9t\u00e9 enti\u00e8re et exclusive de Francois Hardel jusqu&rsquo;au r\u00e8glement complet des factures. Une fois le r\u00e8glement final effectu\u00e9 pour l&rsquo;ensemble des factures \u00e9mises dans le cadre de la commande du projet s\u00e9lectionn\u00e9, le client devient alors propri\u00e9taire de la production et des droits qui y sont c\u00e9d\u00e9s.<\/p>\n<p>Francois Hardel conserve la propri\u00e9t\u00e9 des droits d&rsquo;utilisation pour toutes les cr\u00e9ations graphiques qui n&rsquo;ont pas \u00e9t\u00e9 retenues par l&rsquo;acheteur.<\/p>\n<p>Sauf mention explicite sur le devis, les photographies restent la propri\u00e9t\u00e9 intellectuelle exclusive de Francois Hardel. Par cons\u00e9quent, les utilisations et proc\u00e9d\u00e9s suivants sont strictement contr\u00f4l\u00e9s et interdits :<\/p>\n<p>Le client est seul responsable de l\u2019utilisation des photographies par ses employ\u00e9s, repr\u00e9sentants, agents, partenaires commerciaux et invit\u00e9s (dans le cadre d\u2019un \u00e9v\u00e9nement familial). La licence accord\u00e9e est strictement personnelle, et aucune photographie ne peut \u00eatre lou\u00e9e, distribu\u00e9e, vendue, transmise ou c\u00e9d\u00e9e au public ou \u00e0 des tiers, que ce soit \u00e0 titre on\u00e9reux ou gratuit.<\/p>\n<p>La licence d&rsquo;utilisation des images n&rsquo;est pas transf\u00e9rable \u00e0 des tiers \u00e0 des fins commerciales, telles que la vente \u00e0 une banque d&rsquo;images.<\/p>\n<p>En d&rsquo;autres termes, une agence de communication ne peut pas d\u00e9tenir les droits d&rsquo;utilisation des images pour l&rsquo;ensemble de ses clients en acqu\u00e9rant les droits pour son propre compte. Seul celui qui paie les droits poss\u00e8de la licence d&rsquo;utilisation.<\/p>\n<p>Avant toute utilisation ou diffusion d&rsquo;images repr\u00e9sentant des b\u00e2timents et monuments architecturaux prot\u00e9g\u00e9s, des \u0153uvres, des objets prot\u00e9g\u00e9s ou des marques prot\u00e9g\u00e9es, il est n\u00e9cessaire de n\u00e9gocier des droits suppl\u00e9mentaires aupr\u00e8s de leurs propri\u00e9taires. Cette responsabilit\u00e9 de n\u00e9gociation incombe directement au client. Fran\u00e7ois Hardel ne pourra en aucun cas \u00eatre tenu responsable d&rsquo;un manquement \u00e0 cette obligation.<\/p>\n<p>Toute exploitation des images concernant des personnes ou des entit\u00e9s identifiables est interdite si elle porte atteinte \u00e0 la vie priv\u00e9e du mod\u00e8le. De m\u00eame, toute diffusion (sur tout support) \u00e0 caract\u00e8re pornographique, x\u00e9nophobe, violent ou illicite est strictement prohib\u00e9e.<\/p>\n<p>&nbsp;<\/p>\n<p>[\/et_pb_accordion_item][et_pb_accordion_item title=\u00a0\u00bbCadre et juridiction.\u00a0\u00bb _builder_version=\u00a0\u00bb4.24.2&Prime; _module_preset=\u00a0\u00bbdefault\u00a0\u00bb global_colors_info=\u00a0\u00bb{}\u00a0\u00bb open=\u00a0\u00bboff\u00a0\u00bb]<\/p>\n<p>En cas de nullit\u00e9 ou de d\u00e9claration d&rsquo;invalidit\u00e9 d&rsquo;une ou plusieurs clauses des pr\u00e9sentes conditions g\u00e9n\u00e9rales, conform\u00e9ment \u00e0 une loi, un r\u00e8glement ou \u00e0 la suite d&rsquo;une d\u00e9cision d\u00e9finitive d&rsquo;une juridiction comp\u00e9tente, les autres clauses demeureront pleinement en vigueur et applicables. Les parties conviennent alors de remplacer la clause d\u00e9clar\u00e9e nulle ou non valide par une clause qui s&rsquo;approchera le plus du contenu de la clause initialement pr\u00e9vue.<\/p>\n<p>[\/et_pb_accordion_item][et_pb_accordion_item title=\u00a0\u00bbR\u00e9clamations :\u00a0\u00bb _builder_version=\u00a0\u00bb4.24.2&Prime; _module_preset=\u00a0\u00bbdefault\u00a0\u00bb global_colors_info=\u00a0\u00bb{}\u00a0\u00bb open=\u00a0\u00bboff\u00a0\u00bb]<\/p>\n<p>Toute r\u00e9clamation relative aux prestations doit \u00eatre formul\u00e9e avant toute modification ou intervention d&rsquo;un tiers. Tout travail insatisfaisant doit \u00eatre retourn\u00e9 dans son int\u00e9gralit\u00e9 dans les d\u00e9lais convenus. Le Client doit accorder \u00e0 la soci\u00e9t\u00e9 Fran\u00e7ois Hardel toutes les possibilit\u00e9s de v\u00e9rifier les travaux afin de trouver une solution au probl\u00e8me.<\/p>\n<p>Pour toute r\u00e9clamation, veuillez contacter.<\/p>\n<p>[\/et_pb_accordion_item][et_pb_accordion_item title=\u00a0\u00bbInformatique et libert\u00e9 :\u00a0\u00bb _builder_version=\u00a0\u00bb4.24.2&Prime; _module_preset=\u00a0\u00bbdefault\u00a0\u00bb global_colors_info=\u00a0\u00bb{}\u00a0\u00bb open=\u00a0\u00bboff\u00a0\u00bb]<\/p>\n<p>Le Client a le droit, conform\u00e9ment \u00e0 la Loi informatique et libert\u00e9s n\u00b0 78-17 du 6 Janvier 1978, de demander l&rsquo;acc\u00e8s, la rectification, la modification ou la suppression des donn\u00e9es le concernant.<\/p>\n<p>[\/et_pb_accordion_item][\/et_pb_accordion][et_pb_social_media_follow _builder_version=\u00a0\u00bb4.23&Prime; _module_preset=\u00a0\u00bbdefault\u00a0\u00bb text_orientation=\u00a0\u00bbcenter\u00a0\u00bb text_orientation_tablet=\u00a0\u00bbleft\u00a0\u00bb text_orientation_last_edited=\u00a0\u00bboff|desktop\u00a0\u00bb border_radii=\u00a0\u00bbon|100px|100px|100px|100px\u00a0\u00bb border_width_all=\u00a0\u00bb1px\u00a0\u00bb border_color_all=\u00a0\u00bb#FFFFFF\u00a0\u00bb locked=\u00a0\u00bboff\u00a0\u00bb global_colors_info=\u00a0\u00bb{}\u00a0\u00bb][et_pb_social_media_follow_network social_network=\u00a0\u00bbfacebook\u00a0\u00bb url=\u00a0\u00bbhttps:\/\/www.facebook.com\/francois.hardel\u00a0\u00bb _builder_version=\u00a0\u00bb4.23&Prime; _module_preset=\u00a0\u00bbdefault\u00a0\u00bb custom_padding=\u00a0\u00bb4px|4px|4px|4px|true|true\u00a0\u00bb global_colors_info=\u00a0\u00bb{}\u00a0\u00bb follow_button=\u00a0\u00bboff\u00a0\u00bb url_new_window=\u00a0\u00bbon\u00a0\u00bb]facebook[\/et_pb_social_media_follow_network][et_pb_social_media_follow_network social_network=\u00a0\u00bbtwitter\u00a0\u00bb url=\u00a0\u00bbhttps:\/\/twitter.com\/franz_hardel\u00a0\u00bb _builder_version=\u00a0\u00bb4.23&Prime; _module_preset=\u00a0\u00bbdefault\u00a0\u00bb custom_padding=\u00a0\u00bb4px|4px|4px|4px|true|true\u00a0\u00bb global_colors_info=\u00a0\u00bb{}\u00a0\u00bb follow_button=\u00a0\u00bboff\u00a0\u00bb url_new_window=\u00a0\u00bbon\u00a0\u00bb]twitter[\/et_pb_social_media_follow_network][et_pb_social_media_follow_network social_network=\u00a0\u00bbinstagram\u00a0\u00bb url=\u00a0\u00bbhttps:\/\/www.instagram.com\/franz1900\/?hl=fr\u00a0\u00bb _builder_version=\u00a0\u00bb4.23&Prime; _module_preset=\u00a0\u00bbdefault\u00a0\u00bb custom_padding=\u00a0\u00bb4px|4px|4px|4px|true|true\u00a0\u00bb global_colors_info=\u00a0\u00bb{}\u00a0\u00bb follow_button=\u00a0\u00bboff\u00a0\u00bb url_new_window=\u00a0\u00bbon\u00a0\u00bb]instagram[\/et_pb_social_media_follow_network][\/et_pb_social_media_follow][\/et_pb_column][\/et_pb_row][et_pb_row _builder_version=\u00a0\u00bb4.24.2&Prime; _module_preset=\u00a0\u00bbdefault\u00a0\u00bb global_colors_info=\u00a0\u00bb{}\u00a0\u00bb][et_pb_column type=\u00a0\u00bb4_4&Prime; _builder_version=\u00a0\u00bb4.24.2&Prime; _module_preset=\u00a0\u00bbdefault\u00a0\u00bb global_colors_info=\u00a0\u00bb{}\u00a0\u00bb][et_pb_toggle _builder_version=\u00a0\u00bb4.24.2&Prime; _module_preset=\u00a0\u00bbdefault\u00a0\u00bb custom_margin=\u00a0\u00bb||-1px|||\u00a0\u00bb global_colors_info=\u00a0\u00bb{}\u00a0\u00bb]<\/p>\n<p class=\"ltr-element\" data-indentation=\"1\" data-pm-slice=\"1 1 []\">Mentions L\u00e9gales<\/p>\n<p class=\"ltr-element\" data-indentation=\"1\">1. Informations l\u00e9gales :<\/p>\n<p class=\"ltr-element\" data-indentation=\"1\">Nom du site web : francoishardel.com Adresse : 183 bis rue Gabriel p\u00e9ri 94270 Le Kremlin Bic\u00eatre T\u00e9l\u00e9phone :<\/p>\n<p class=\"ltr-element\" data-indentation=\"1\" data-pm-slice=\"1 1 []\">0677812284 E-mail : contact@francoishardel.com SIRET : 501 725 980 Date d&rsquo;entr\u00e9e en activit\u00e9 :03 10 2023<\/p>\n<p class=\"ltr-element\" data-indentation=\"1\">Directeur de publication : Fran\u00e7ois Hardel<\/p>\n<p class=\"\" data-indentation=\"1\">\n<p class=\"ltr-element\" data-indentation=\"1\">2. H\u00e9bergeur : soci\u00e9t\u00e9 O2SWITCH dont le si\u00e8ge social est 222 Boulevard Gustave Flaubert, 63000 Clermont Ferrand Num\u00e9ro de t\u00e9l\u00e9phone : 04 44 44 60 40.<\/p>\n<p class=\"\" data-indentation=\"1\">\n<p class=\"ltr-element\" data-indentation=\"1\">3. Propri\u00e9t\u00e9 intellectuelle : Tous les contenus pr\u00e9sents, notamment les photographies, les vid\u00e9os, les textes, les<\/p>\n<p class=\"ltr-element\" data-indentation=\"1\">graphismes, les logos, et les ic\u00f4nes sont la propri\u00e9t\u00e9 exclusive de francoishardel.com \u00e0 l&rsquo;exception des marques, logos ou contenus appartenant \u00e0 d&rsquo;autres partenaires ou auteurs.<\/p>\n<p class=\"ltr-element\" data-indentation=\"1\">Toute reproduction, repr\u00e9sentation, modification, publication, adaptation totale ou partielle des \u00e9l\u00e9ments du site, quel que soit le moyen ou le proc\u00e9d\u00e9 utilis\u00e9, est interdite, sauf autorisation \u00e9crite pr\u00e9alable de francoishardel.com. Les \u00e9tudes, devis, propositions et documents fournis par la soci\u00e9t\u00e9 Fran\u00e7ois Hardel demeurent sa propri\u00e9t\u00e9 exclusive.<\/p>\n<p class=\"\" data-indentation=\"1\">\n<p class=\"ltr-element\" data-indentation=\"1\">4. Limitation de responsabilit\u00e9 : francoishardel.com ne peut \u00eatre tenu pour responsable des erreurs directes ou indirectes r\u00e9sultant de l&rsquo;utilisation du site, ou de l&rsquo;impossibilit\u00e9 pour un tiers de l&rsquo;utiliser, et des cons\u00e9quences r\u00e9sultant de l&rsquo;utilisation de ce dernier.<\/p>\n<p class=\"\" data-indentation=\"1\">\n<p class=\"ltr-element\" data-indentation=\"1\">5. Donn\u00e9es personnelles : Dans le cadre de son fonctionnement, www.francoishardel.com peut \u00eatre amen\u00e9 \u00e0 collecter des donn\u00e9es personnelles. Ces donn\u00e9es seront trait\u00e9es conform\u00e9ment aux dispositions de la r\u00e9glementation en vigueur, en particulier le R\u00e8glement G\u00e9n\u00e9ral sur la Protection des Donn\u00e9es (RGPD). L&rsquo;utilisateur dispose d&rsquo;un droit d&rsquo;acc\u00e8s, de rectification et d&rsquo;opposition aux donn\u00e9es le concernant, qu&rsquo;il peut exercer en contactant [Adresse e-mail].<\/p>\n<p class=\"\" data-indentation=\"1\">\n<p class=\"ltr-element\" data-indentation=\"1\">6. Cookies : Le site francoishardel.com peut utiliser des cookies afin d&rsquo;am\u00e9liorer l&rsquo;exp\u00e9rience utilisateur et pour collecter des statistiques sur les visites. Vous avez la possibilit\u00e9 de d\u00e9sactiver les cookies \u00e0 partir des param\u00e8tres de votre navigateur.<\/p>\n<p class=\"\" data-indentation=\"1\">\n<p class=\"ltr-element\" data-indentation=\"1\">7. Liens hypertextes : Des liens hypertextes pr\u00e9sents sur le site peuvent renvoyer vers d&rsquo;autres sites. La responsabilit\u00e9 de www.francoishardel.com ne saurait \u00eatre engag\u00e9e si le contenu de ces sites contrevient \u00e0 la l\u00e9gislation en vigueur.<\/p>\n<p class=\"\" data-indentation=\"1\">\n<div class=\"pm-block pm-order-list ltr-element\" data-indentation=\"1\" data-start=\"8\">\n<div>Condition g\u00e9n\u00e9rale de vente<\/div>\n<\/div>\n<p class=\"\" data-indentation=\"2\">\n<p class=\"ltr-element\" data-indentation=\"1\">Conditions G\u00e9n\u00e9rales de Vente<\/p>\n<p class=\"\" data-indentation=\"1\">Les pr\u00e9sentes Conditions G\u00e9n\u00e9rales r\u00e9gissent tous les contrats de prestation, de vente de photographies et autres services propos\u00e9s par Fran\u00e7ois Hardel, dont le domicile est situ\u00e9 au 183 bis rue Gabriel P\u00e9ri 94270 Le Kremlin Bic\u00eatre, immatricul\u00e9 sous le num\u00e9ro SIRET 501 25 980 00038. En apposant sa signature ou en validant \u00e9lectroniquement tout contrat ou devis, le Client d\u00e9clare les accepter pleinement et sans r\u00e9serve, constituant ainsi la base des conditions de vente.<\/p>\n<p class=\"\" data-indentation=\"1\">\n<p class=\"ltr-element\" data-indentation=\"1\">Site Web : francoishardel.com<\/p>\n<p class=\"\" data-indentation=\"1\">\n<p class=\"ltr-element\" data-indentation=\"1\">Artiste :Fran\u00e7ois Hardel<\/p>\n<p class=\"ltr-element\" data-indentation=\"1\">&#8211; T\u00e9l\u00e9phone : 0677812284<\/p>\n<p class=\"ltr-element\" data-indentation=\"1\">&#8211; Email : contact@francoishardel.com<\/p>\n<p class=\"ltr-element\" data-indentation=\"1\">&#8211; Num\u00e9ro d&rsquo;activit\u00e9 principale APE : 903B (Cr\u00e9ation artistique)<\/p>\n<p class=\"\" data-indentation=\"1\">\n<p class=\"ltr-element\" data-indentation=\"1\">Territoire de vente : France m\u00e9tropolitaine<\/p>\n<p class=\"\" data-indentation=\"1\">\n<p class=\"ltr-element\" data-indentation=\"1\">Produits et Services :<\/p>\n<p class=\"ltr-element\" data-indentation=\"1\">Nous proposons des tirages d&rsquo;art ainsi que des services photographiques.<\/p>\n<p class=\"\" data-indentation=\"1\">\n<p class=\"ltr-element\" data-indentation=\"1\">Devis et commande :<\/p>\n<p class=\"ltr-element\" data-indentation=\"1\">Toute commande doit \u00eatre confirm\u00e9e par la signature d&rsquo;un bon de commande ou d&rsquo;un devis par le client ou son repr\u00e9sentant autoris\u00e9. Le bon de commande ou le devis doit inclure la date, les horaires, le ou les lieux de la prestation, ainsi que le prix et les acomptes vers\u00e9s. Un devis sign\u00e9 par toutes les parties vaut \u00e9galement comme bon de commande.<\/p>\n<p class=\"\" data-indentation=\"1\">\n<p class=\"ltr-element\" data-indentation=\"1\">Moyens de Paiement :<\/p>\n<p class=\"ltr-element\" data-indentation=\"1\">Les tarifs des prestations en studio, des reportages, de la vente de photographies et autres services sont ceux en vigueur au moment de la commande, conform\u00e9ment au devis \u00e9tabli ou aux tarifs indiqu\u00e9s. Les prix sont en euros hors taxes (HT) et sont soumis \u00e0 une TVA de 20% ou de 10% selon le type de prestation.<\/p>\n<p class=\"\" data-indentation=\"1\">Pour toute commande de prestations photographiques ou autres, un acompte de 30% du montant total est exig\u00e9 \u00e0 la conclusion du contrat, le solde devant \u00eatre r\u00e9gl\u00e9 lors de la livraison ou de la premi\u00e8re pr\u00e9sentation des travaux conformes au cahier des charges valid\u00e9. La commande ne sera consid\u00e9r\u00e9e comme effective qu&rsquo;apr\u00e8s r\u00e9ception de l&rsquo;acompte et signature du bon de commande, sauf accord \u00e9crit pr\u00e9alable pour les administrations publiques.<\/p>\n<p class=\"\" data-indentation=\"1\">Le paiement du solde doit intervenir dans un d\u00e9lai maximum de 45 jours apr\u00e8s la remise des travaux. Les commandes de tirages photo, d&rsquo;albums, de fichiers num\u00e9riques et autres consommables doivent \u00eatre pay\u00e9es int\u00e9gralement lors de la commande.<\/p>\n<p class=\"\" data-indentation=\"1\">Les entreprises souhaitant r\u00e9f\u00e9rencer Fran\u00e7ois Hardel en tant que fournisseur doivent s&rsquo;assurer de son r\u00e9f\u00e9rencement avant le d\u00e9but des prestations.<\/p>\n<p class=\"\" data-indentation=\"1\">\n<p class=\"ltr-element\" data-indentation=\"1\">Processus de Commande :<\/p>\n<p class=\"ltr-element\" data-indentation=\"1\">Les tarifs mentionn\u00e9s dans les devis ont une validit\u00e9 de 30 jours \u00e0 partir de leur \u00e9mission. Ils sont sujets \u00e0 des modifications sans pr\u00e9avis, mais ces changements n&rsquo;affecteront pas les contrats en cours ni les offres d\u00e9j\u00e0 \u00e9mises. Les offres promotionnelles sont valables uniquement pendant la p\u00e9riode sp\u00e9cifi\u00e9e.<\/p>\n<p class=\"\" data-indentation=\"1\">Le Prestataire se r\u00e9serve le droit d&rsquo;apposer un filigrane (\u00ab watermark \u00bb) sur les photos et autres travaux transmis au Client tant que les prestations ne sont pas enti\u00e8rement r\u00e9gl\u00e9es. Ce filigrane indiquera que la version est une d\u00e9mo ou ne dispose pas de licence d\u00e9finitive.<\/p>\n<p class=\"\" data-indentation=\"1\">En cas de non-paiement int\u00e9gral par le Client, le Prestataire se r\u00e9serve le droit de retirer tout travail sans encourir de responsabilit\u00e9 ni de p\u00e9nalit\u00e9. Les factures doivent \u00eatre r\u00e9gl\u00e9es par carte bancaire, virement bancaire, virement PayPal ou en esp\u00e8ces.<\/p>\n<p class=\"\" data-indentation=\"1\">Pour les prestations photographiques dites d&rsquo;auteur, tous les tirages et impressions seront num\u00e9rot\u00e9s et sign\u00e9s par le photographe Fran\u00e7ois Hardel.<\/p>\n<p class=\"\" data-indentation=\"1\">\n<p class=\"\" data-indentation=\"1\">\n<p class=\"\" data-indentation=\"1\">Cahier des charges :<\/p>\n<p class=\"\" data-indentation=\"1\">Chaque commande est accompagn\u00e9e d&rsquo;un bon de commande num\u00e9rot\u00e9, du contrat sign\u00e9 et paraph\u00e9, ainsi que du cahier des charges d\u00e9crivant les aspects techniques, fonctionnels et esth\u00e9tiques de la r\u00e9alisation, inclus en annexe du contrat ou du devis. Tout \u00e9l\u00e9ment additionnel non pr\u00e9vu dans le devis initial (ou le cahier des charges initial) fera l&rsquo;objet d&rsquo;une facturation s\u00e9par\u00e9e et pourra n\u00e9cessiter un avenant.<\/p>\n<p class=\"\" data-indentation=\"1\">Ainsi, toute modification demand\u00e9e par le Client et non incluse initialement dans le devis (telles que des vues suppl\u00e9mentaires, des changements de lieu, des modifications du sc\u00e9nario ou des options pr\u00e9vues initialement) sera sujette \u00e0 des frais suppl\u00e9mentaires.<\/p>\n<p class=\"\" data-indentation=\"1\">\n<p class=\"\" data-indentation=\"1\">Transmition des images :<\/p>\n<p class=\"\" data-indentation=\"1\">Par d\u00e9faut, toutes les communications du Prestataire au Client se font par voie \u00e9lectronique. Cependant, si le Client demande l&rsquo;envoi postal de documents, fichiers, images ou CD-ROM, le Prestataire se r\u00e9serve le droit de facturer les frais d&rsquo;exp\u00e9dition de ces fournitures en sus.<\/p>\n<p class=\"\" data-indentation=\"1\">\n<p class=\"\" data-indentation=\"1\">Livraison :<\/p>\n<p class=\"\" data-indentation=\"1\">Les photographies seront livr\u00e9es conform\u00e9ment aux modalit\u00e9s sp\u00e9cifi\u00e9es dans le contrat, telles que DVD-ROM, CD-ROM, serveur FTP, cl\u00e9s USB ou tout autre support num\u00e9rique convenu lors de la commande. Bien que le Prestataire s&rsquo;efforce de respecter des d\u00e9lais raisonnables, ceux-ci peuvent varier en fonction de la complexit\u00e9 du travail et de contraintes techniques ind\u00e9pendantes des parties. Les d\u00e9lais sont donc donn\u00e9s \u00e0 titre indicatif, et aucun d\u00e9dommagement ne sera accord\u00e9 au Client en cas de non-respect de ces d\u00e9lais. De plus, aucune commande ne pourra \u00eatre annul\u00e9e sans accord explicite du Prestataire.<\/p>\n<p class=\"\" data-indentation=\"1\">Le d\u00e9lai de r\u00e9alisation d\u00e9bute d\u00e8s la r\u00e9ception de tous les \u00e9l\u00e9ments n\u00e9cessaires \u00e0 la mise en \u0153uvre de la commande, ainsi que du versement de l&rsquo;acompte initial. G\u00e9n\u00e9ralement, ces d\u00e9lais sont pr\u00e9cis\u00e9s dans le devis, et une date de livraison est fix\u00e9e par le Prestataire lors de la confirmation de la commande.<\/p>\n<p class=\"\" data-indentation=\"1\">Le Prestataire est lib\u00e9r\u00e9 de toute obligation en mati\u00e8re de d\u00e9lai dans certaines circonstances, notamment si le Client ne fournit pas les informations requises en temps voulu ou ne respecte pas ses propres obligations, en cas de force majeure ou si l&rsquo;un des prestataires du studio ne respecte pas ses propres d\u00e9lais de livraison.<\/p>\n<p class=\"\" data-indentation=\"1\">Les commandes sur support num\u00e9rique seront exp\u00e9di\u00e9es par voie postale ou par transporteur. Le Prestataire d\u00e9cline toute responsabilit\u00e9 en cas de retard ou de perte imputable aux fabricants ou transporteurs.<\/p>\n<p class=\"\" data-indentation=\"1\">\n<p class=\"\" data-indentation=\"1\">\n<p class=\"\" data-indentation=\"1\">Garantie :<\/p>\n<p class=\"\" data-indentation=\"1\">Les prestations b\u00e9n\u00e9ficient de la garantie l\u00e9gale. En cas de d\u00e9faut couvert par cette garantie et sur pr\u00e9sentation de la facture, le Prestataire s&rsquo;engage, \u00e0 sa discr\u00e9tion, \u00e0 proc\u00e9der \u00e0 la r\u00e9paration ou au remplacement de la prestation d\u00e9fectueuse due \u00e0 des vices cach\u00e9s pr\u00e9existants \u00e0 la livraison. Pour que cette garantie puisse s&rsquo;appliquer, le Client doit accorder au Prestataire le temps et les facilit\u00e9s n\u00e9cessaires pour rem\u00e9dier au vice cach\u00e9. Le Prestataire se d\u00e9gage de toute responsabilit\u00e9 en mati\u00e8re de garantie si le Client refuse de lui accorder ces facilit\u00e9s.<\/p>\n<p class=\"\" data-indentation=\"1\">Fran\u00e7ois Hardel conserve une copie des travaux photographiques pendant une p\u00e9riode d&rsquo;un an et s&rsquo;engage \u00e0 les transmettre au Client sur simple demande.<\/p>\n<p class=\"\" data-indentation=\"1\">\n<p class=\"\" data-indentation=\"1\">Changement ou modification :<\/p>\n<p class=\"\" data-indentation=\"1\">\n<p class=\"\" data-indentation=\"1\">Toute modification de la commande ou des conditions g\u00e9n\u00e9rales de vente ainsi que des conditions particuli\u00e8res d&rsquo;acceptation et d&rsquo;ex\u00e9cution des prestations photographiques ou autres doit faire l&rsquo;objet d&rsquo;un accord \u00e9crit entre les parties. En cas de modification, la date de livraison initialement pr\u00e9vue sera automatiquement report\u00e9e.<\/p>\n<p class=\"\" data-indentation=\"1\">Si le Client ne respecte pas l&rsquo;une de ses obligations, le Prestataire est autoris\u00e9 \u00e0 r\u00e9silier le contrat sans mise en demeure pr\u00e9alable, \u00e0 reprendre les prestations livr\u00e9es, \u00e0 conserver les sommes d\u00e9j\u00e0 per\u00e7ues \u00e0 titre de dommages et int\u00e9r\u00eats, et \u00e0 facturer des indemnit\u00e9s repr\u00e9sentant un minimum de 20% du montant de la commande. En cas d&rsquo;annulation totale ou partielle de la commande par le Client, le Prestataire est \u00e9galement autoris\u00e9 \u00e0 r\u00e9silier le contrat, \u00e0 reprendre les prestations livr\u00e9es, \u00e0 conserver les sommes d\u00e9j\u00e0 per\u00e7ues \u00e0 titre de dommages et int\u00e9r\u00eats, et \u00e0 facturer des indemnit\u00e9s repr\u00e9sentant un minimum de 30% du montant de la commande.<\/p>\n<p class=\"\" data-indentation=\"1\">En cas de non-respect des conditions de r\u00e8glement, des p\u00e9nalit\u00e9s de retard de 1,5% par mois seront appliqu\u00e9es conform\u00e9ment \u00e0 la loi, avec une indemnit\u00e9 forfaitaire pour frais de recouvrement de 40 \u20ac selon le d\u00e9cret du 02\/10\/2012. Conform\u00e9ment \u00e0 la loi du 12 mai 1980, les produits demeurent la propri\u00e9t\u00e9 de Fran\u00e7ois Hardel jusqu&rsquo;au paiement complet de la facture. En cas de d\u00e9faut de r\u00e8glement \u00e0 la date pr\u00e9vue, Fran\u00e7ois Hardel se r\u00e9serve le droit de mettre le Client en demeure de payer la somme due.<\/p>\n<p class=\"\" data-indentation=\"1\">\n<p class=\"\" data-indentation=\"1\">Pise de vue :<\/p>\n<p class=\"\" data-indentation=\"1\">En cas de conditions m\u00e9t\u00e9orologiques d\u00e9favorables telles que la pluie, l&rsquo;orage, la neige ou le vent, ou en cas de force majeure, le Prestataire se r\u00e9serve le droit de suspendre temporairement ou compl\u00e8tement son travail s&rsquo;il estime que cela pourrait mettre en danger son mat\u00e9riel ou sa s\u00e9curit\u00e9, ou compromettre la qualit\u00e9 de son travail. Si de telles conditions se pr\u00e9sentent, le Prestataire fixera une nouvelle date de rendez-vous en accord avec le Client pour poursuivre la s\u00e9ance ult\u00e9rieurement. Aucune partie ne sera tenue responsable de retards \u00e9ventuels.<\/p>\n<p class=\"\" data-indentation=\"1\">Malgr\u00e9 les efforts d\u00e9ploy\u00e9s par le Prestataire lors de la r\u00e9alisation des clich\u00e9s photographiques, ce dernier ne peut en aucun cas \u00eatre tenu responsable de la pr\u00e9sence d&rsquo;\u00e9l\u00e9ments perturbateurs tels que des v\u00e9hicules, des objets de signalisation, des d\u00e9sordres structurels ou des personnes.<\/p>\n<p class=\"\" data-indentation=\"1\">\n<p class=\"\" data-indentation=\"1\">Droits d&rsquo;auteur et droit d&rsquo;image :<\/p>\n<p class=\"\" data-indentation=\"1\">Le droit moral d&rsquo;une cr\u00e9ation, tel que d\u00e9fini par le Code fran\u00e7ais de la propri\u00e9t\u00e9 intellectuelle, est attach\u00e9 de mani\u00e8re perp\u00e9tuelle et imprescriptible \u00e0 son cr\u00e9ateur. Par cons\u00e9quent, seuls les droits patrimoniaux sp\u00e9cifiquement \u00e9nonc\u00e9s sur la facture, dans la section \u00ab\u00a0Droits c\u00e9d\u00e9s\u00a0\u00bb, seront c\u00e9d\u00e9s au client, avec d&rsquo;\u00e9ventuelles limites pr\u00e9cis\u00e9es, telles que la limite de support, de territoire ou de dur\u00e9e.<\/p>\n<p class=\"\" data-indentation=\"1\">Ces droits patrimoniaux peuvent inclure, entre autres, le droit de reproduction, le droit de repr\u00e9sentation, le droit de modification et le droit d&rsquo;exploitation. Il est important de souligner que toute repr\u00e9sentation ou reproduction, totale ou partielle, effectu\u00e9e sans le consentement de l&rsquo;auteur ou de ses ayants droit est consid\u00e9r\u00e9e comme illicite et peut \u00eatre punie en vertu des lois sur la contrefa\u00e7on.<\/p>\n<p class=\"\" data-indentation=\"1\">De m\u00eame, toute traduction, adaptation, transformation, arrangement ou reproduction par tout moyen est soumise aux m\u00eames r\u00e8gles. En outre, conform\u00e9ment \u00e0 l&rsquo;article 27 de la loi Informatique et Libert\u00e9s du 6 janvier 1978, le client dispose d&rsquo;un droit d&rsquo;acc\u00e8s et de rectification des donn\u00e9es le concernant aupr\u00e8s de Francois Hardel.<\/p>\n<p class=\"\" data-indentation=\"1\">\n<p class=\"\" data-indentation=\"1\">Le client autorise le photographe, sauf indication contraire notifi\u00e9e par courrier avec accus\u00e9 de r\u00e9ception ou dans une clause de confidentialit\u00e9 ajout\u00e9e au contrat, \u00e0 utiliser, fixer et reproduire son image dans le cadre de la communication, de la publicit\u00e9 et de la participation \u00e0 des concours photos. Cette autorisation s&rsquo;\u00e9tend \u00e0 tous les supports connus ou inconnus \u00e0 ce jour, ainsi qu&rsquo;\u00e0 tous les proc\u00e9d\u00e9s de repr\u00e9sentation, sans limite g\u00e9ographique ni de dur\u00e9e.<\/p>\n<p class=\"\" data-indentation=\"1\">En contrepartie de cette autorisation, le client renonce \u00e0 toute r\u00e9mun\u00e9ration pour l&rsquo;exploitation des droits concern\u00e9s. Par ailleurs, le b\u00e9n\u00e9ficiaire s&rsquo;engage \u00e0 ne pas exploiter les photographies de mani\u00e8re pr\u00e9judiciable \u00e0 sa r\u00e9putation, ni \u00e0 les utiliser dans des contextes pornographiques, racistes, x\u00e9nophobes ou tout autre contenu nuisible.<\/p>\n<p class=\"\" data-indentation=\"1\">\n<p class=\"\" data-indentation=\"1\">\n<p class=\"\" data-indentation=\"1\">Droits de reproductions et propriet\u00e9 des oeuvres de l&rsquo;esprits:<\/p>\n<p class=\"\" data-indentation=\"1\">La propri\u00e9t\u00e9 exclusive des projets et des maquettes photographiques r\u00e9alis\u00e9s par Francois Hardel est r\u00e9serv\u00e9e \u00e0 ce dernier. Aucune reproduction de ces \u00e9l\u00e9ments n&rsquo;est autoris\u00e9e sans son consentement pr\u00e9alable, sous quelque forme que ce soit.<\/p>\n<p class=\"\" data-indentation=\"1\">La totalit\u00e9 de la production et des droits associ\u00e9s demeure la propri\u00e9t\u00e9 enti\u00e8re et exclusive de Francois Hardel jusqu&rsquo;au r\u00e8glement complet des factures. Une fois le r\u00e8glement final effectu\u00e9 pour l&rsquo;ensemble des factures \u00e9mises dans le cadre de la commande du projet s\u00e9lectionn\u00e9, le client devient alors propri\u00e9taire de la production et des droits qui y sont c\u00e9d\u00e9s.<\/p>\n<p class=\"\" data-indentation=\"1\">Francois Hardel conserve la propri\u00e9t\u00e9 des droits d&rsquo;utilisation pour toutes les cr\u00e9ations graphiques qui n&rsquo;ont pas \u00e9t\u00e9 retenues par l&rsquo;acheteur.<\/p>\n<p class=\"\" data-indentation=\"1\">\n<p class=\"\" data-indentation=\"1\">Sauf mention explicite sur le devis, les photographies restent la propri\u00e9t\u00e9 intellectuelle exclusive de Francois Hardel. Par cons\u00e9quent, les utilisations et proc\u00e9d\u00e9s suivants sont strictement contr\u00f4l\u00e9s et interdits :<\/p>\n<p class=\"\" data-indentation=\"1\">\n<p class=\"\" data-indentation=\"2\">Le client est seul responsable de l\u2019utilisation des photographies par ses employ\u00e9s, repr\u00e9sentants, agents, partenaires commerciaux et invit\u00e9s (dans le cadre d\u2019un \u00e9v\u00e9nement familial). La licence accord\u00e9e est strictement personnelle, et aucune photographie ne peut \u00eatre lou\u00e9e, distribu\u00e9e, vendue, transmise ou c\u00e9d\u00e9e au public ou \u00e0 des tiers, que ce soit \u00e0 titre on\u00e9reux ou gratuit.<\/p>\n<p class=\"\" data-indentation=\"2\">La licence d&rsquo;utilisation des images n&rsquo;est pas transf\u00e9rable \u00e0 des tiers \u00e0 des fins commerciales, telles que la vente \u00e0 une banque d&rsquo;images.<\/p>\n<p class=\"\" data-indentation=\"2\">En d&rsquo;autres termes, une agence de communication ne peut pas d\u00e9tenir les droits d&rsquo;utilisation des images pour l&rsquo;ensemble de ses clients en acqu\u00e9rant les droits pour son propre compte. Seul celui qui paie les droits poss\u00e8de la licence d&rsquo;utilisation.<\/p>\n<p class=\"\" data-indentation=\"2\">\n<p class=\"\" data-indentation=\"2\">Avant toute utilisation ou diffusion d&rsquo;images repr\u00e9sentant des b\u00e2timents et monuments architecturaux prot\u00e9g\u00e9s, des \u0153uvres, des objets prot\u00e9g\u00e9s ou des marques prot\u00e9g\u00e9es, il est n\u00e9cessaire de n\u00e9gocier des droits suppl\u00e9mentaires aupr\u00e8s de leurs propri\u00e9taires. Cette responsabilit\u00e9 de n\u00e9gociation incombe directement au client. Fran\u00e7ois Hardel ne pourra en aucun cas \u00eatre tenu responsable d&rsquo;un manquement \u00e0 cette obligation.<\/p>\n<p class=\"\" data-indentation=\"1\">\n<p class=\"ltr-element\" data-indentation=\"2\">Toute exploitation des images concernant des personnes ou des entit\u00e9s identifiables est interdite si elle porte atteinte \u00e0 la vie priv\u00e9e du mod\u00e8le. De m\u00eame, toute diffusion (sur tout support) \u00e0 caract\u00e8re pornographique, x\u00e9nophobe, violent ou illicite est strictement prohib\u00e9e.<\/p>\n<p class=\"ltr-element\" data-indentation=\"1\">\n<p class=\"ltr-element\" data-indentation=\"1\">Cadre et juridiction.<\/p>\n<p class=\"ltr-element\" data-indentation=\"1\">En cas de nullit\u00e9 ou de d\u00e9claration d&rsquo;invalidit\u00e9 d&rsquo;une ou plusieurs clauses des pr\u00e9sentes conditions g\u00e9n\u00e9rales, conform\u00e9ment \u00e0 une loi, un r\u00e8glement ou \u00e0 la suite d&rsquo;une d\u00e9cision d\u00e9finitive d&rsquo;une juridiction comp\u00e9tente, les autres clauses demeureront pleinement en vigueur et applicables. Les parties conviennent alors de remplacer la clause d\u00e9clar\u00e9e nulle ou non valide par une clause qui s&rsquo;approchera le plus du contenu de la clause initialement pr\u00e9vue.<\/p>\n<p class=\"\" data-indentation=\"1\">\n<p class=\"ltr-element\" data-indentation=\"1\">R\u00e9clamations :<\/p>\n<p class=\"ltr-element\" data-indentation=\"1\">Toute r\u00e9clamation relative aux prestations doit \u00eatre formul\u00e9e avant toute modification ou intervention d&rsquo;un tiers. Tout travail insatisfaisant doit \u00eatre retourn\u00e9 dans son int\u00e9gralit\u00e9 dans les d\u00e9lais convenus. Le Client doit accorder \u00e0 la soci\u00e9t\u00e9 Fran\u00e7ois Hardel toutes les possibilit\u00e9s de v\u00e9rifier les travaux afin de trouver une solution au probl\u00e8me.<\/p>\n<p class=\"ltr-element\" data-indentation=\"1\">Pour toute r\u00e9clamation, veuillez contacter.<\/p>\n<p class=\"ltr-element\" data-indentation=\"1\">\n<p class=\"ltr-element\" data-indentation=\"1\">Informatique et libert\u00e9 :<\/p>\n<p class=\"ltr-element\" data-indentation=\"1\">Le Client a le droit, conform\u00e9ment \u00e0 la Loi informatique et libert\u00e9s n\u00b0 78-17 du 6 Janvier 1978, de demander l&rsquo;acc\u00e8s, la rectification, la modification ou la suppression des donn\u00e9es le concernant.<\/p>\n<p>[\/et_pb_toggle][\/et_pb_column][\/et_pb_row][\/et_pb_section][et_pb_section fb_built=\u00a0\u00bb1&Prime; admin_label=\u00a0\u00bbFooter\u00a0\u00bb _builder_version=\u00a0\u00bb4.20.0&Prime; _module_preset=\u00a0\u00bbdefault\u00a0\u00bb background_color=\u00a0\u00bb#000000&Prime; saved_tabs=\u00a0\u00bball\u00a0\u00bb collapsed=\u00a0\u00bbon\u00a0\u00bb global_colors_info=\u00a0\u00bb{}\u00a0\u00bb][et_pb_row _builder_version=\u00a0\u00bb4.20.0&Prime; _module_preset=\u00a0\u00bbdefault\u00a0\u00bb global_colors_info=\u00a0\u00bb{}\u00a0\u00bb][et_pb_column type=\u00a0\u00bb4_4&Prime; _builder_version=\u00a0\u00bb4.20.0&Prime; _module_preset=\u00a0\u00bbdefault\u00a0\u00bb global_colors_info=\u00a0\u00bb{}\u00a0\u00bb][et_pb_text _builder_version=\u00a0\u00bb4.20.0&Prime; _module_preset=\u00a0\u00bb8b155af6-0a8c-499c-8427-66bdfe9aa5d1&Prime; header_2_text_color=\u00a0\u00bb#FFFFFF\u00a0\u00bb text_orientation=\u00a0\u00bbcenter\u00a0\u00bb global_colors_info=\u00a0\u00bb{}\u00a0\u00bb]<\/p>\n<h2>Faisons quelque chose d&rsquo;incroyable ensemble.<\/h2>\n<p>[\/et_pb_text][et_pb_social_media_follow _builder_version=\u00a0\u00bb4.23&Prime; _module_preset=\u00a0\u00bbdefault\u00a0\u00bb text_orientation=\u00a0\u00bbcenter\u00a0\u00bb text_orientation_tablet=\u00a0\u00bbleft\u00a0\u00bb text_orientation_last_edited=\u00a0\u00bboff|desktop\u00a0\u00bb border_radii=\u00a0\u00bbon|100px|100px|100px|100px\u00a0\u00bb border_width_all=\u00a0\u00bb1px\u00a0\u00bb border_color_all=\u00a0\u00bb#FFFFFF\u00a0\u00bb locked=\u00a0\u00bboff\u00a0\u00bb global_colors_info=\u00a0\u00bb{}\u00a0\u00bb][et_pb_social_media_follow_network social_network=\u00a0\u00bbfacebook\u00a0\u00bb url=\u00a0\u00bbhttps:\/\/www.facebook.com\/francois.hardel\u00a0\u00bb _builder_version=\u00a0\u00bb4.23&Prime; _module_preset=\u00a0\u00bbdefault\u00a0\u00bb custom_padding=\u00a0\u00bb4px|4px|4px|4px|true|true\u00a0\u00bb global_colors_info=\u00a0\u00bb{}\u00a0\u00bb follow_button=\u00a0\u00bboff\u00a0\u00bb url_new_window=\u00a0\u00bbon\u00a0\u00bb]facebook[\/et_pb_social_media_follow_network][et_pb_social_media_follow_network social_network=\u00a0\u00bbtwitter\u00a0\u00bb _builder_version=\u00a0\u00bb4.20.0&Prime; _module_preset=\u00a0\u00bbdefault\u00a0\u00bb custom_padding=\u00a0\u00bb4px|4px|4px|4px|true|true\u00a0\u00bb global_colors_info=\u00a0\u00bb{}\u00a0\u00bb follow_button=\u00a0\u00bboff\u00a0\u00bb url_new_window=\u00a0\u00bbon\u00a0\u00bb]twitter[\/et_pb_social_media_follow_network][et_pb_social_media_follow_network social_network=\u00a0\u00bbinstagram\u00a0\u00bb url=\u00a0\u00bbhttps:\/\/www.instagram.com\/franz1900\/?hl=fr\u00a0\u00bb _builder_version=\u00a0\u00bb4.23&Prime; _module_preset=\u00a0\u00bbdefault\u00a0\u00bb custom_padding=\u00a0\u00bb4px|4px|4px|4px|true|true\u00a0\u00bb global_colors_info=\u00a0\u00bb{}\u00a0\u00bb follow_button=\u00a0\u00bboff\u00a0\u00bb url_new_window=\u00a0\u00bbon\u00a0\u00bb]instagram[\/et_pb_social_media_follow_network][\/et_pb_social_media_follow][\/et_pb_column][\/et_pb_row][et_pb_row column_structure=\u00a0\u00bb1_2,1_2&Prime; _builder_version=\u00a0\u00bb4.23&Prime; _module_preset=\u00a0\u00bbdefault\u00a0\u00bb border_color_all=\u00a0\u00bbgcid-e6f8585f-043d-4f05-ad96-fb05b9e45208&Prime; border_width_top=\u00a0\u00bb1px\u00a0\u00bb global_colors_info=\u00a0\u00bb{%22gcid-e6f8585f-043d-4f05-ad96-fb05b9e45208%22:%91%22border_color_all%22%93}\u00a0\u00bb][et_pb_column type=\u00a0\u00bb1_2&Prime; _builder_version=\u00a0\u00bb4.20.0&Prime; _module_preset=\u00a0\u00bbdefault\u00a0\u00bb global_colors_info=\u00a0\u00bb{}\u00a0\u00bb][et_pb_text _builder_version=\u00a0\u00bb4.23&Prime; _module_preset=\u00a0\u00bb48a0154d-8801-4f39-b1b9-f775fd2b4efb\u00a0\u00bb header_5_text_color=\u00a0\u00bb#FFFFFF\u00a0\u00bb custom_margin=\u00a0\u00bb||0px||false|false\u00a0\u00bb text_orientation_tablet=\u00a0\u00bbcenter\u00a0\u00bb text_orientation_phone=\u00a0\u00bb\u00a0\u00bb text_orientation_last_edited=\u00a0\u00bbon|tablet\u00a0\u00bb global_colors_info=\u00a0\u00bb{}\u00a0\u00bb]<\/p>\n<h5 style=\"text-align: center;\">Email<\/h5>\n<p>[\/et_pb_text][et_pb_text _builder_version=\u00a0\u00bb4.23&Prime; _module_preset=\u00a0\u00bb99b53e13-fddb-4deb-84c4-a2c77824527e\u00a0\u00bb text_text_color=\u00a0\u00bb#FFFFFF\u00a0\u00bb link_text_color=\u00a0\u00bbgcid-e6f8585f-043d-4f05-ad96-fb05b9e45208&Prime; text_orientation=\u00a0\u00bbright\u00a0\u00bb text_orientation_tablet=\u00a0\u00bbcenter\u00a0\u00bb text_orientation_phone=\u00a0\u00bb\u00a0\u00bb text_orientation_last_edited=\u00a0\u00bbon|tablet\u00a0\u00bb global_colors_info=\u00a0\u00bb{%22gcid-e6f8585f-043d-4f05-ad96-fb05b9e45208%22:%91%22link_text_color%22%93}\u00a0\u00bb]<\/p>\n<p style=\"text-align: center;\">contact@francoishardel.com<\/p>\n<p>[\/et_pb_text][\/et_pb_column][et_pb_column type=\u00a0\u00bb1_2&Prime; _builder_version=\u00a0\u00bb4.20.0&Prime; _module_preset=\u00a0\u00bbdefault\u00a0\u00bb global_colors_info=\u00a0\u00bb{}\u00a0\u00bb][et_pb_text _builder_version=\u00a0\u00bb4.23&Prime; _module_preset=\u00a0\u00bb48a0154d-8801-4f39-b1b9-f775fd2b4efb\u00a0\u00bb text_text_color=\u00a0\u00bb#FFFFFF\u00a0\u00bb header_5_text_color=\u00a0\u00bb#FFFFFF\u00a0\u00bb text_orientation=\u00a0\u00bbcenter\u00a0\u00bb custom_margin=\u00a0\u00bb||0px||false|false\u00a0\u00bb global_colors_info=\u00a0\u00bb{}\u00a0\u00bb]<\/p>\n<h5>T\u00e9l\u00e9phone<\/h5>\n<p>[\/et_pb_text][et_pb_text _builder_version=\u00a0\u00bb4.23&Prime; _module_preset=\u00a0\u00bb99b53e13-fddb-4deb-84c4-a2c77824527e\u00a0\u00bb text_text_color=\u00a0\u00bb#FFFFFF\u00a0\u00bb link_text_color=\u00a0\u00bbgcid-e6f8585f-043d-4f05-ad96-fb05b9e45208&Prime; text_orientation=\u00a0\u00bbright\u00a0\u00bb text_orientation_tablet=\u00a0\u00bbcenter\u00a0\u00bb text_orientation_phone=\u00a0\u00bb\u00a0\u00bb text_orientation_last_edited=\u00a0\u00bbon|tablet\u00a0\u00bb global_colors_info=\u00a0\u00bb{%22gcid-e6f8585f-043d-4f05-ad96-fb05b9e45208%22:%91%22link_text_color%22%93}\u00a0\u00bb]<\/p>\n<p style=\"text-align: center;\">+33(6)77.81.22.84<a href=\"mailto:#\"><\/a><\/p>\n<p>[\/et_pb_text][\/et_pb_column][\/et_pb_row][\/et_pb_section]<\/p>\n","protected":false},"excerpt":{"rendered":"<p>&nbsp; 1. Informations l\u00e9gales : Nom du site web : francoishardel.com Adresse : 183 bis rue Gabriel p\u00e9ri 94270 Le Kremlin Bic\u00eatre T\u00e9l\u00e9phone : 0677812284 E-mail : contact@francoishardel.com SIRET : 501 725 980 Date d&rsquo;entr\u00e9e en activit\u00e9 :03 10 2023. Directeur de publication : Fran\u00e7ois Hardel \u00a0soci\u00e9t\u00e9 O2SWITCH dont le si\u00e8ge social est 222 Boulevard Gustave Flaubert, 63000 Clermont Ferrand Num\u00e9ro de t\u00e9l\u00e9phone : 04 44 44 60 40. &nbsp;Tous les contenus pr\u00e9sents, notamment les photographies, les vid\u00e9os, les textes, les graphismes, les logos, et les ic\u00f4nes sont la propri\u00e9t\u00e9 exclusive de francoishardel.com \u00e0 l&rsquo;exception des marques, logos ou contenus appartenant \u00e0 d&rsquo;autres partenaires ou auteurs.francoishardel.com ne peut \u00eatre tenu pour responsable des erreurs directes ou indirectes r\u00e9sultant de l&rsquo;utilisation du site, ou de l&rsquo;impossibilit\u00e9 pour un tiers de l&rsquo;utiliser, et des cons\u00e9quences r\u00e9sultant de l&rsquo;utilisation de ce dernier.Dans le cadre de son fonctionnement, www.francoishardel.com peut \u00eatre amen\u00e9 \u00e0 collecter des donn\u00e9es personnelles. Ces donn\u00e9es seront trait\u00e9es conform\u00e9ment aux dispositions de la r\u00e9glementation en vigueur, en particulier le R\u00e8glement G\u00e9n\u00e9ral sur la Protection des Donn\u00e9es (RGPD). L&rsquo;utilisateur dispose d&rsquo;un droit d&rsquo;acc\u00e8s, de rectification et d&rsquo;opposition aux donn\u00e9es le concernant, qu&rsquo;il peut exercer en contactant contact@francoishardel.comLe site francoishardel.com peut utiliser des [&hellip;]<\/p>\n","protected":false},"author":1,"featured_media":0,"parent":0,"menu_order":0,"comment_status":"closed","ping_status":"closed","template":"","meta":{"_et_pb_use_builder":"on","_et_pb_old_content":"","_et_gb_content_width":"","footnotes":""},"class_list":["post-208","page","type-page","status-publish","hentry"],"_links":{"self":[{"href":"https:\/\/www.francoishardel.com\/en\/wp-json\/wp\/v2\/pages\/208","targetHints":{"allow":["GET"]}}],"collection":[{"href":"https:\/\/www.francoishardel.com\/en\/wp-json\/wp\/v2\/pages"}],"about":[{"href":"https:\/\/www.francoishardel.com\/en\/wp-json\/wp\/v2\/types\/page"}],"author":[{"embeddable":true,"href":"https:\/\/www.francoishardel.com\/en\/wp-json\/wp\/v2\/users\/1"}],"replies":[{"embeddable":true,"href":"https:\/\/www.francoishardel.com\/en\/wp-json\/wp\/v2\/comments?post=208"}],"version-history":[{"count":10,"href":"https:\/\/www.francoishardel.com\/en\/wp-json\/wp\/v2\/pages\/208\/revisions"}],"predecessor-version":[{"id":1586,"href":"https:\/\/www.francoishardel.com\/en\/wp-json\/wp\/v2\/pages\/208\/revisions\/1586"}],"wp:attachment":[{"href":"https:\/\/www.francoishardel.com\/en\/wp-json\/wp\/v2\/media?parent=208"}],"curies":[{"name":"wp","href":"https:\/\/api.w.org\/{rel}","templated":true}]}}